{"id":193,"date":"2020-07-14T23:20:46","date_gmt":"2020-07-14T21:20:46","guid":{"rendered":"http:\/\/heavenandhell.tracingspaces.net\/?page_id=193"},"modified":"2020-07-20T15:19:48","modified_gmt":"2020-07-20T13:19:48","slug":"about","status":"publish","type":"page","link":"https:\/\/tracingspaces.net\/heavenandhell\/about\/","title":{"rendered":"About"},"content":{"rendered":"[vc_row type=&#8220;in_container&#8220; full_screen_row_position=&#8220;middle&#8220; scene_position=&#8220;center&#8220; text_color=&#8220;dark&#8220; text_align=&#8220;left&#8220; overlay_strength=&#8220;0.3&#8243; shape_divider_position=&#8220;bottom&#8220;][vc_column column_padding=&#8220;no-extra-padding&#8220; column_padding_position=&#8220;all&#8220; background_color_opacity=&#8220;1&#8243; background_hover_color_opacity=&#8220;1&#8243; column_shadow=&#8220;none&#8220; column_border_radius=&#8220;none&#8220; width=&#8220;1\/1&#8243; tablet_text_alignment=&#8220;default&#8220; phone_text_alignment=&#8220;default&#8220; column_border_width=&#8220;none&#8220; column_border_style=&#8220;solid&#8220;]<div class=\"divider-wrap\"><div style=\"height: 30px;\" class=\"divider\"><\/div><\/div>[vc_column_text]\n<p style=\"text-align: center;\"><span style=\"font-size: 18pt;\">\u00dcBER DIE ENSTEHUNG DES PROJEKTES | ABOUT THE CREATION OF THE PROJECT<\/span><\/p>\n<p style=\"text-align: center;\">von | by Hilde Fraueneder<\/p>\n[\/vc_column_text][\/vc_column][\/vc_row][vc_row type=&#8220;in_container&#8220; full_screen_row_position=&#8220;middle&#8220; scene_position=&#8220;center&#8220; text_color=&#8220;dark&#8220; text_align=&#8220;left&#8220; overlay_strength=&#8220;0.3&#8243; shape_divider_position=&#8220;bottom&#8220;][vc_column column_padding=&#8220;no-extra-padding&#8220; column_padding_position=&#8220;all&#8220; background_color_opacity=&#8220;1&#8243; background_hover_color_opacity=&#8220;1&#8243; column_shadow=&#8220;none&#8220; column_border_radius=&#8220;none&#8220; width=&#8220;1\/1&#8243; tablet_text_alignment=&#8220;default&#8220; phone_text_alignment=&#8220;default&#8220; column_border_width=&#8220;none&#8220; column_border_style=&#8220;solid&#8220;]<div class=\"divider-wrap\"><div style=\"height: 10px;\" class=\"divider\"><\/div><\/div>[\/vc_column][\/vc_row][vc_row type=&#8220;in_container&#8220; full_screen_row_position=&#8220;middle&#8220; scene_position=&#8220;center&#8220; text_color=&#8220;dark&#8220; text_align=&#8220;left&#8220; overlay_strength=&#8220;0.3&#8243; shape_divider_position=&#8220;bottom&#8220;][vc_column column_padding=&#8220;no-extra-padding&#8220; column_padding_position=&#8220;all&#8220; background_color_opacity=&#8220;1&#8243; background_hover_color_opacity=&#8220;1&#8243; column_shadow=&#8220;none&#8220; column_border_radius=&#8220;none&#8220; width=&#8220;1\/2&#8243; tablet_text_alignment=&#8220;default&#8220; phone_text_alignment=&#8220;default&#8220; column_border_width=&#8220;none&#8220; column_border_style=&#8220;solid&#8220;][vc_column_text]2018 \u2013 100 Jahre nach der Ausrufung der Republik im Jahr 1918 und der damit verbundenen erh\u00f6hten Aufmerksamkeit f\u00fcr die Zwischenkriegszeit \u2013 wurde im Fachausschuss des \u201eFonds f\u00fcr Kunst am Bau und Kunst im \u00f6ffentlichen Raum\u201c des Landes Salzburg die Idee aufgegriffen, die Gro\u00dfglockner Hochalpenstra\u00dfe als eines der herausragenden Bauwerke dieser Epoche in einem tempor\u00e4ren k\u00fcnstlerischen Projekt zu thematisieren.<\/p>\n<p>Das heute unter Denkmalschutz stehende und europaweit gr\u00f6\u00dfte Baudenkmal war f\u00fcr die politische Selbstbehauptung \u00d6sterreichs der 1930er Jahre auch in Abgrenzung zum Hitlerregime in Deutschland von gr\u00f6\u00dfter Bedeutung. So bezeichnete 1935 Kurt Schuschnigg, Bundeskanzler des austrofaschistischen St\u00e4ndestaats, in der Festschrift zur Er\u00f6ffnung die Gro\u00dfglockner Hochalpenstra\u00dfe als \u201eein verhei\u00dfungsvolles Symbol der v\u00f6lkerverbindenden Mission \u00d6sterreichs\u201c. Andererseits galt die Erschlie\u00dfung der Natur der Einl\u00f6sung eines sich durchzusetzenden Anspruchs auf Mobilit\u00e4t und dem Versprechen einer spektakul\u00e4ren und vermeintlich unber\u00fchrten hochalpinen Naturlandschaft.<\/p>\n<p>Erste Gespr\u00e4che von Vertreterinnen des Fachausschusses mit der Direktion der GROHAG verliefen vielversprechend, sodass f\u00fcr das Projektvorhaben nicht nur mit dem Land K\u00e4rnten ein weiterer Kooperationspartner gewonnen werden konnte, sondern auch der Vorschlag des Fachausschusses, f\u00fcr die Projektfindung einen Kurator*innen-Wettbewerb durchzuf\u00fchren breite Zustimmung fand. Dieser wurde 2019 umgesetzt: Von den drei Kooperations-Partner*innen wurden insgesamt f\u00fcnf Kurator*innen bzw. Kurator*innen-Teams eingeladen, ein Konzept zur Errichtung von tempor\u00e4ren k\u00fcnstlerischen Interventionen entlang der Gro\u00dfglockner Hochalpenstra\u00dfe zu entwickeln, das sich mit der aktuellen Situation als touristische Attraktion wie auch als Arbeits- und Lebensraum, den Geschichten und Mythen und den unterschiedlichen Perspektiven auf die Gro\u00dfglockner Hochalpenstra\u00dfe besch\u00e4ftigt und das die Aufmerksamkeit auch auf bislang wenig thematisierte Bereiche lenken sollte.<\/p>\n<p>Die Jury setzte sich aus je einer\/m Vertreter*in der drei Kooperationspartner*innen zusammen: Hildegard Fraueneder (Vorsitzende des Fachausschusses \u201eFonds f\u00fcr Kunst am Bau und Kunst im \u00f6ffentlichen Raum\u201c des Landes Salzburg), Johannes H\u00f6rl (Vorstand und Generaldirektor der GROHAG) und Igor Pucker (Leiter der Abteilung \u201eKunst und Kultur\u201c beim Amt der K\u00e4rntner Landesregierung). Gerd Pichler vom Bundesdenkmalamt, Christine Wetzlinger-Grundnig vom Museum Moderner Kunst K\u00e4rnten, Thomas Noel und Dietmar Scho\u0308ndorfer f\u00fcr technische bzw. juristische Fragen verst\u00e4rkten in beratender Funktion die Jury. Die Jurysitzung fand am 2. August 2019 statt, zur Vorsitzenden wurde Hildegard Fraueneder gew\u00e4hlt.[\/vc_column_text][\/vc_column][vc_column column_padding=&#8220;no-extra-padding&#8220; column_padding_position=&#8220;all&#8220; background_color_opacity=&#8220;1&#8243; background_hover_color_opacity=&#8220;1&#8243; column_shadow=&#8220;none&#8220; column_border_radius=&#8220;none&#8220; width=&#8220;1\/2&#8243; tablet_text_alignment=&#8220;default&#8220; phone_text_alignment=&#8220;default&#8220; column_border_width=&#8220;none&#8220; column_border_style=&#8220;solid&#8220;][vc_column_text]In the year 2018 \u2013 100 years after the proclamation of the republic in 1918 and the resulting increased attention to the interwar period \u2013 the expert committee of the &#8222;Fonds f\u00fcr Kunst am Bau und Kunst im \u00f6ffentlichen Raum&#8220; of the province of Salzburg took up the idea of thematising the Grossglockner High Alpine Road as one of the outstanding buildings of this epoch in a temporary artistic project.<\/p>\n<p>Today a listed building and the largest monument in Europe, the Grossglockner High Alpine Road was of great importance for Austria&#8217;s political self-assertion in the 1930s, even in contrast to the Hitler regime in Germany. In 1935 Kurt Schuschnigg, Chancellor of the Austrofascist corporative state, described the Grossglockner High Alpine Road in the commemorative publication on the occasion of its opening as &#8222;a promising symbol of Austria&#8217;s mission to unite nations&#8220;. On the other hand, the opening up of nature was aimed at fulfilling an assertive claim to mobility and the promise of a spectacular and supposedly untouched high alpine natural landscape.<\/p>\n<p>Initial talks between representatives of the expert committee and the management of the GROHAG were very promising, so that not only was it possible to find another cooperation partner for the project in the Province of Carinthia, but also the expert committee&#8217;s proposal to hold a curator competition for the project was widely accepted. This was implemented in 2019: Of the three cooperation partners, a total of five curators or teams of curators were invited to develop a concept for the construction of temporary artistic interventions along the Grossglockner High Alpine Road, which would deal with the current situation as a tourist attraction as well as a place to work and live, the stories and myths and the different perspectives on the Grossglockner High Alpine Road, and which would also draw attention to areas that had previously been little discussed.<\/p>\n<p>The jury was composed of one representative from each of the three cooperation partners: Hildegard Fraueneder (Chairwoman of the expert committee &#8222;Fonds f\u00fcr Kunst am Bau und Kunst im \u00f6ffentlichen Raum&#8220; of the province of Salzburg), Johannes H\u00f6rl (member of the board and general director of GROHAG) and Igor Pucker (head of the department &#8222;Art and Culture&#8220; at the office of the Carinthian provincial government). Gerd Pichler from the Federal Office for Monument Protection, Christine Wetzlinger-Grundnig from the Museum of Modern Art Carinthia, Thomas Noel and Dietmar Sch\u00f6ndorfer for technical and legal questions respectively strengthened the jury in an advisory capacity. The jury meeting took place on August 2, 2019, and Hildegard Fraueneder was elected chairperson.[\/vc_column_text][\/vc_column][\/vc_row][vc_row type=&#8220;in_container&#8220; full_screen_row_position=&#8220;middle&#8220; scene_position=&#8220;center&#8220; text_color=&#8220;dark&#8220; text_align=&#8220;left&#8220; overlay_strength=&#8220;0.3&#8243; shape_divider_position=&#8220;bottom&#8220;][vc_column column_padding=&#8220;no-extra-padding&#8220; column_padding_position=&#8220;all&#8220; background_color_opacity=&#8220;1&#8243; background_hover_color_opacity=&#8220;1&#8243; column_shadow=&#8220;none&#8220; column_border_radius=&#8220;none&#8220; width=&#8220;1\/1&#8243; tablet_text_alignment=&#8220;default&#8220; phone_text_alignment=&#8220;default&#8220; column_border_width=&#8220;none&#8220; column_border_style=&#8220;solid&#8220;]<div class=\"divider-wrap\"><div style=\"height: 30px;\" class=\"divider\"><\/div><\/div>[vc_column_text]\n<p style=\"text-align: center;\"><span style=\"font-size: 18pt;\">PROJEKTE IM WETTBEWERB \u2013 ENTSCHEIDUNG DER JURY<\/span><br \/>\n<span style=\"font-size: 18pt;\">PROJECTS IN COMPETITION \u2013 DECISION OF THE JURY<\/span><\/p>\n[\/vc_column_text][\/vc_column][\/vc_row][vc_row type=&#8220;in_container&#8220; full_screen_row_position=&#8220;middle&#8220; scene_position=&#8220;center&#8220; text_color=&#8220;dark&#8220; text_align=&#8220;left&#8220; overlay_strength=&#8220;0.3&#8243; shape_divider_position=&#8220;bottom&#8220;][vc_column column_padding=&#8220;no-extra-padding&#8220; column_padding_position=&#8220;all&#8220; background_color_opacity=&#8220;1&#8243; background_hover_color_opacity=&#8220;1&#8243; column_shadow=&#8220;none&#8220; column_border_radius=&#8220;none&#8220; width=&#8220;1\/2&#8243; tablet_text_alignment=&#8220;default&#8220; phone_text_alignment=&#8220;default&#8220; column_border_width=&#8220;none&#8220; column_border_style=&#8220;solid&#8220;][vc_column_text]Folgende kuratorische Projekte wurden pr\u00e4sentiert und von der Jury eingehend diskutiert:<\/p>\n<p>\u201eUp in the A.I.R.\u201c des Kurator*innen-Kollektivs section.a, zwei Projektvorschl\u00e4ge der Kuratorin Ursula Maria Probst: \u201eTerra Incognita\u201c und \u201eApropos: Parallaxe Gro\u00dfglockner\u201c, das Projekt \u201eSerpentine. A touch of heaven (and hell)\u201c des Architekturtheoretikers, K\u00fcnstlers und Kurators Michael Zinganel, \u201eEin voller Erfolg\u201c der mehrfach auch kuratorisch t\u00e4tigen K\u00fcnstler*innen Iris Andraschek und Hubert Lobnig und \u201eIt\u2019s the end of the world as we know it. Eine Sehschule der Natur heute\u201c der Kuratorin Julia Stoff.<\/p>\n<p>Die Jury entschied einstimmig, das kuratorische Konzept von Michael Zinganel umzusetzen, da es sowohl in inhaltlicher als auch organisatorischer Hinsicht \u00fcberzeugt. Das Projekt thematisiert die durch die Stra\u00dfenf\u00fchrung inszenierte Landschaft als \u201eSchwellensituation\u201c, in der \u201eMobilit\u00e4t\u201c einerseits und \u201eB\u00fchne\u201c andererseits verklammert werden. Die sehr \u00fcberlegt ausgew\u00e4hlten K\u00fcnstler*innen arbeiten mehrheitlich recherchebasiert und sollen in zwei zeitlich aufeinanderfolgenden Abschnitten tempor\u00e4re Arbeiten an Standorten entlang der Stra\u00dfe realisieren; das Konzept besticht dar\u00fcber hinaus durch die Erweiterung mit Au\u00dfenstellen (Gro\u00dfgmain und Klagenfurt) und dem vorgeschlagenen Vermittlungs- und Rahmenprogramm. Michael Zinganel \u00fcberzeugte auf Grund seines professionellen Zugangs, seiner offensichtlichen Vertrautheit mit dem Ort und profunden kulturwissenschaftlichen Kenntnissen und Erfahrungen in Konzeptionierung und Realisierung gro\u00dfer Projekte.[\/vc_column_text][\/vc_column][vc_column column_padding=&#8220;no-extra-padding&#8220; column_padding_position=&#8220;all&#8220; background_color_opacity=&#8220;1&#8243; background_hover_color_opacity=&#8220;1&#8243; column_shadow=&#8220;none&#8220; column_border_radius=&#8220;none&#8220; width=&#8220;1\/2&#8243; tablet_text_alignment=&#8220;default&#8220; phone_text_alignment=&#8220;default&#8220; column_border_width=&#8220;none&#8220; column_border_style=&#8220;solid&#8220;][vc_column_text]The following curatorial projects were presented and discussed in detail by the jury:<\/p>\n<p>&#8222;Up in the A.I.R.&#8220; by the curator*innen collective section.a, two project proposals by curator Ursula Maria Probst: &#8222;Terra Incognita&#8220; and &#8222;Apropos: Parallaxe Gro\u00dfglockner&#8220;, the project &#8222;SERPENTINE. A touch of heaven (and hell)&#8220; by the architecture theorist, artist and curator Michael Zinganel, &#8222;Ein voller Erfolg (A total Success)\u201c by the artists Iris Andraschek and Hubert Lobnig, who are also active as curators, and &#8222;It\u2019s the end of the world as we know it: Eine Sehschule der Natur heute&#8220; by curator Julia Stoff.<\/p>\n<p>The jury unanimously decided to implement Michael Zinganel&#8217;s curatorial concept, as it is convincing both in terms of content and organisation. The project focuses on the landscape staged by the street layout as a &#8222;threshold situation&#8220; in which &#8222;mobility&#8220; on the one hand and &#8222;stage&#8220; on the other are interlocked. The carefully selected artists* work mainly on the basis of research and are to realize temporary works in two successive phases at locations along the road; the concept is also impressive due to the extension with branch offices (Gro\u00dfgmain and Klagenfurt) and the proposed mediation and supporting programme. Michael Zinganel convinced the jury because of his professional approach, his obvious familiarity with the location and his profound knowledge and experience in cultural studies in the conception and realization of large projects.[\/vc_column_text][\/vc_column][\/vc_row][vc_row type=&#8220;in_container&#8220; full_screen_row_position=&#8220;middle&#8220; scene_position=&#8220;center&#8220; text_color=&#8220;dark&#8220; text_align=&#8220;left&#8220; overlay_strength=&#8220;0.3&#8243; shape_divider_position=&#8220;bottom&#8220;][vc_column column_padding=&#8220;no-extra-padding&#8220; column_padding_position=&#8220;all&#8220; background_color_opacity=&#8220;1&#8243; background_hover_color_opacity=&#8220;1&#8243; column_shadow=&#8220;none&#8220; column_border_radius=&#8220;none&#8220; width=&#8220;1\/1&#8243; tablet_text_alignment=&#8220;default&#8220; phone_text_alignment=&#8220;default&#8220; column_border_width=&#8220;none&#8220; column_border_style=&#8220;solid&#8220;]<div class=\"divider-wrap\"><div style=\"height: 20px;\" class=\"divider\"><\/div><\/div>[vc_column_text]\n<p style=\"text-align: center;\"><span style=\"font-size: 18pt;\">UMSETZUNG | IMPLEMENTATION<\/span><\/p>\n[\/vc_column_text][\/vc_column][\/vc_row][vc_row type=&#8220;in_container&#8220; full_screen_row_position=&#8220;middle&#8220; scene_position=&#8220;center&#8220; text_color=&#8220;dark&#8220; text_align=&#8220;left&#8220; overlay_strength=&#8220;0.3&#8243; shape_divider_position=&#8220;bottom&#8220;][vc_column column_padding=&#8220;no-extra-padding&#8220; column_padding_position=&#8220;all&#8220; background_color_opacity=&#8220;1&#8243; background_hover_color_opacity=&#8220;1&#8243; column_shadow=&#8220;none&#8220; column_border_radius=&#8220;none&#8220; width=&#8220;1\/1&#8243; tablet_text_alignment=&#8220;default&#8220; phone_text_alignment=&#8220;default&#8220; column_border_width=&#8220;none&#8220; column_border_style=&#8220;solid&#8220;][vc_column_text]\n<p style=\"text-align: center;\">F\u00fcr die Umsetzung des Projekts wurden folgende Zust\u00e4ndigkeiten festgelegt<br \/>\nThe following responsibilities were defined for the implementation of the project:<\/p>\n<p style=\"text-align: center;\">Projekttr\u00e4gerschaft | Project sponsors:<\/p>\n<p style=\"text-align: center;\">Land Salzburg | Province of Salzburg<br \/>\nvertreten durch die Gesch\u00e4ftsf\u00fchrerin des \u201eFonds zur F\u00f6rderung von Kunst am Bau und im \u00f6ffentlichen Raum\u201c Christina Tscherteu | represented by Christina Tscherteu, managing director of the &#8222;Fund for the Promotion of Art in Buildings and Public Space<\/p>\n<p style=\"text-align: center;\">Land K\u00e4rnten | Province of Carinthia<br \/>\nvertreten durch den Leiter der Abteilung \u201eKunst und Kultur\u201c Igor Pucker und Volker Bidmon, Leiter der Abteilung \u201eStra\u00dfen und Br\u00fccken\u201c | represented by the head of the department &#8222;Art and Culture&#8220; Igor Pucker and Volker Bidmon, head of the department &#8222;Roads and Bridges&#8220;<\/p>\n<p style=\"text-align: center;\">GROHAG<br \/>\nvertreten durch Johannes H\u00f6rl, Vorstand und Generaldirektor | represented by Johannes H\u00f6rl, board of directors and general director<\/p>\n[\/vc_column_text][\/vc_column][\/vc_row][vc_row type=&#8220;in_container&#8220; full_screen_row_position=&#8220;middle&#8220; scene_position=&#8220;center&#8220; text_color=&#8220;dark&#8220; text_align=&#8220;left&#8220; overlay_strength=&#8220;0.3&#8243; shape_divider_position=&#8220;bottom&#8220;][vc_column column_padding=&#8220;no-extra-padding&#8220; column_padding_position=&#8220;all&#8220; background_color_opacity=&#8220;1&#8243; background_hover_color_opacity=&#8220;1&#8243; column_shadow=&#8220;none&#8220; column_border_radius=&#8220;none&#8220; width=&#8220;1\/1&#8243; tablet_text_alignment=&#8220;default&#8220; phone_text_alignment=&#8220;default&#8220; column_border_width=&#8220;none&#8220; column_border_style=&#8220;solid&#8220;]<div class=\"divider-wrap\"><div style=\"height: 20px;\" class=\"divider\"><\/div><\/div>[vc_column_text]\n<p style=\"text-align: center;\">Kurator und Projektverantwortlicher | Curator and project manager: Michael Zinganel<br \/>\n\u00d6ffentlichkeitsarbeit | Public Relations: Patrizia Lutz<br \/>\nTechnische Betreuung | Technical support: Thomas Noel und Peter Embacher<br \/>\nControlling: Dietmar Scho\u0308ndorfer<\/p>\n[\/vc_column_text][\/vc_column][\/vc_row][vc_row type=&#8220;in_container&#8220; full_screen_row_position=&#8220;middle&#8220; scene_position=&#8220;center&#8220; text_color=&#8220;dark&#8220; text_align=&#8220;left&#8220; overlay_strength=&#8220;0.3&#8243; shape_divider_position=&#8220;bottom&#8220;][vc_column column_padding=&#8220;no-extra-padding&#8220; column_padding_position=&#8220;all&#8220; background_color_opacity=&#8220;1&#8243; background_hover_color_opacity=&#8220;1&#8243; column_shadow=&#8220;none&#8220; column_border_radius=&#8220;none&#8220; width=&#8220;1\/1&#8243; tablet_text_alignment=&#8220;default&#8220; phone_text_alignment=&#8220;default&#8220; column_border_width=&#8220;none&#8220; column_border_style=&#8220;solid&#8220;]<div class=\"divider-wrap\"><div style=\"height: 30px;\" class=\"divider\"><\/div><\/div><div class=\"img-with-aniamtion-wrap center\" data-max-width=\"100%\" data-border-radius=\"none\"><div class=\"inner\"><img loading=\"lazy\" decoding=\"async\" data-shadow=\"none\" data-shadow-direction=\"middle\" class=\"img-with-animation \" data-delay=\"0\" height=\"94\" width=\"476\" data-animation=\"fade-in\" src=\"https:\/\/tracingspaces.net\/heavenandhell\/wp-content\/uploads\/sites\/14\/2020\/07\/serpentine_logos_landscape_02-1.png\" srcset=\"https:\/\/tracingspaces.net\/heavenandhell\/wp-content\/uploads\/sites\/14\/2020\/07\/serpentine_logos_landscape_02-1.png 476w, https:\/\/tracingspaces.net\/heavenandhell\/wp-content\/uploads\/sites\/14\/2020\/07\/serpentine_logos_landscape_02-1-300x59.png 300w\" sizes=\"auto, 100vw\" alt=\"\" \/><\/div><\/div>[\/vc_column][\/vc_row]\n","protected":false},"excerpt":{"rendered":"<p>[vc_row type=&#8220;in_container&#8220; full_screen_row_position=&#8220;middle&#8220; scene_position=&#8220;center&#8220; text_color=&#8220;dark&#8220; text_align=&#8220;left&#8220; overlay_strength=&#8220;0.3&#8243; shape_divider_position=&#8220;bottom&#8220;][vc_column column_padding=&#8220;no-extra-padding&#8220; column_padding_position=&#8220;all&#8220; background_color_opacity=&#8220;1&#8243; background_hover_color_opacity=&#8220;1&#8243; column_shadow=&#8220;none&#8220; column_border_radius=&#8220;none&#8220; width=&#8220;1\/1&#8243; tablet_text_alignment=&#8220;default&#8220; phone_text_alignment=&#8220;default&#8220; column_border_width=&#8220;none&#8220; column_border_style=&#8220;solid&#8220;][vc_column_text] \u00dcBER DIE ENSTEHUNG DES PROJEKTES | ABOUT THE CREATION OF THE&#8230;<\/p>\n","protected":false},"author":1,"featured_media":0,"parent":0,"menu_order":0,"comment_status":"closed","ping_status":"closed","template":"","meta":{"footnotes":""},"class_list":["post-193","page","type-page","status-publish"],"_links":{"self":[{"href":"https:\/\/tracingspaces.net\/heavenandhell\/wp-json\/wp\/v2\/pages\/193","targetHints":{"allow":["GET"]}}],"collection":[{"href":"https:\/\/tracingspaces.net\/heavenandhell\/wp-json\/wp\/v2\/pages"}],"about":[{"href":"https:\/\/tracingspaces.net\/heavenandhell\/wp-json\/wp\/v2\/types\/page"}],"author":[{"embeddable":true,"href":"https:\/\/tracingspaces.net\/heavenandhell\/wp-json\/wp\/v2\/users\/1"}],"replies":[{"embeddable":true,"href":"https:\/\/tracingspaces.net\/heavenandhell\/wp-json\/wp\/v2\/comments?post=193"}],"version-history":[{"count":20,"href":"https:\/\/tracingspaces.net\/heavenandhell\/wp-json\/wp\/v2\/pages\/193\/revisions"}],"predecessor-version":[{"id":349,"href":"https:\/\/tracingspaces.net\/heavenandhell\/wp-json\/wp\/v2\/pages\/193\/revisions\/349"}],"wp:attachment":[{"href":"https:\/\/tracingspaces.net\/heavenandhell\/wp-json\/wp\/v2\/media?parent=193"}],"curies":[{"name":"wp","href":"https:\/\/api.w.org\/{rel}","templated":true}]}}