{"id":13,"date":"2020-07-06T15:38:13","date_gmt":"2020-07-06T13:38:13","guid":{"rendered":"http:\/\/heavenandhell.tracingspaces.net\/?page_id=13"},"modified":"2021-08-06T19:53:04","modified_gmt":"2021-08-06T17:53:04","slug":"kuenstlerinnen","status":"publish","type":"page","link":"https:\/\/tracingspaces.net\/heavenandhell\/kuenstlerinnen\/","title":{"rendered":"K\u00fcnstler*innen | Artists"},"content":{"rendered":"[vc_row type=&#8220;in_container&#8220; full_screen_row_position=&#8220;middle&#8220; scene_position=&#8220;center&#8220; text_color=&#8220;dark&#8220; text_align=&#8220;left&#8220; overlay_strength=&#8220;0.3&#8243; shape_divider_position=&#8220;bottom&#8220;][vc_column column_padding=&#8220;no-extra-padding&#8220; column_padding_position=&#8220;all&#8220; background_color_opacity=&#8220;1&#8243; background_hover_color_opacity=&#8220;1&#8243; column_shadow=&#8220;none&#8220; column_border_radius=&#8220;none&#8220; width=&#8220;1\/1&#8243; tablet_text_alignment=&#8220;default&#8220; phone_text_alignment=&#8220;default&#8220; column_border_width=&#8220;none&#8220; column_border_style=&#8220;solid&#8220;]<div class=\"divider-wrap\"><div style=\"height: 30px;\" class=\"divider\"><\/div><\/div>[vc_column_text]\n<p style=\"text-align: center;\"><span style=\"font-size: 18pt;\">K\u00dcNSTLERISCHES TEAM | ARTISTIC TEAM<br \/>\n<\/span><\/p>\n[\/vc_column_text][\/vc_column][\/vc_row][vc_row type=&#8220;in_container&#8220; full_screen_row_position=&#8220;middle&#8220; scene_position=&#8220;center&#8220; text_color=&#8220;dark&#8220; text_align=&#8220;left&#8220; overlay_strength=&#8220;0.3&#8243; shape_divider_position=&#8220;bottom&#8220;][vc_column column_padding=&#8220;no-extra-padding&#8220; column_padding_position=&#8220;all&#8220; background_color_opacity=&#8220;1&#8243; background_hover_color_opacity=&#8220;1&#8243; column_shadow=&#8220;none&#8220; column_border_radius=&#8220;none&#8220; width=&#8220;1\/1&#8243; tablet_text_alignment=&#8220;default&#8220; phone_text_alignment=&#8220;default&#8220; column_border_width=&#8220;none&#8220; column_border_style=&#8220;solid&#8220;]<div class=\"divider-wrap\"><div style=\"height: 20px;\" class=\"divider\"><\/div><\/div>[vc_column_text][\/vc_column_text][\/vc_column][\/vc_row][vc_row type=&#8220;in_container&#8220; full_screen_row_position=&#8220;middle&#8220; scene_position=&#8220;center&#8220; text_color=&#8220;dark&#8220; text_align=&#8220;left&#8220; overlay_strength=&#8220;0.3&#8243; shape_divider_position=&#8220;bottom&#8220;][vc_column column_padding=&#8220;no-extra-padding&#8220; column_padding_position=&#8220;all&#8220; background_color_opacity=&#8220;1&#8243; background_hover_color_opacity=&#8220;1&#8243; column_shadow=&#8220;none&#8220; column_border_radius=&#8220;none&#8220; width=&#8220;1\/1&#8243; tablet_text_alignment=&#8220;default&#8220; phone_text_alignment=&#8220;default&#8220; column_border_width=&#8220;none&#8220; column_border_style=&#8220;solid&#8220;]<div class=\"divider-wrap\"><div style=\"height: 20px;\" class=\"divider\"><\/div><\/div>[vc_column_text]\n<p style=\"text-align: center;\">IRIS ANDRASCHEK &amp; HUBERT LOBNIG<\/p>\n[\/vc_column_text][\/vc_column][\/vc_row][vc_row type=&#8220;in_container&#8220; full_screen_row_position=&#8220;middle&#8220; scene_position=&#8220;center&#8220; text_color=&#8220;dark&#8220; text_align=&#8220;left&#8220; overlay_strength=&#8220;0.3&#8243; shape_divider_position=&#8220;bottom&#8220;][vc_column column_padding=&#8220;no-extra-padding&#8220; column_padding_position=&#8220;all&#8220; background_color_opacity=&#8220;1&#8243; background_hover_color_opacity=&#8220;1&#8243; column_shadow=&#8220;none&#8220; column_border_radius=&#8220;none&#8220; width=&#8220;1\/2&#8243; tablet_text_alignment=&#8220;default&#8220; phone_text_alignment=&#8220;default&#8220; column_border_width=&#8220;none&#8220; column_border_style=&#8220;solid&#8220;][vc_column_text]Hubert Lobnig, geb. in V\u00f6lkermarkt, und Iris Andraschek arbeiten sowohl eigenst\u00e4ndig als auch in Kooperation als K\u00fcnstler*innen und Kurator*innen an Orts-bezogenen und Kontext-orientierten Arbeiten im \u00f6ffentlichen Raum.<br \/>\nSie interessieren sich f\u00fcr regionale und globale (Zeit-)Geschichte und Geschichten individueller Akteure, arbeiten mitunter partizipativ und\/oder bieten \u00fcber ihre performativen Interventionen und station\u00e4ren Installationen Interaktions-Zonen f\u00fcr die lokale Bev\u00f6lkerung an. Dabei k\u00f6nnen sie auf eine gro\u00dfe Erfahrung im l\u00e4ndlichen Raum zur\u00fcckgreifen, z.B. durch die von ihnen kuratierten Projekte: <em>Geteilte Zuversicht<\/em> in Reinsberg im Mostviertel 2011 oder <em>Wohin verschwinden die Grenzen am Grenz\u00fcbergang<\/em> Fratres\/Slavonice im Waldviertel 2014 usf.[\/vc_column_text][\/vc_column][vc_column column_padding=&#8220;no-extra-padding&#8220; column_padding_position=&#8220;all&#8220; background_color_opacity=&#8220;1&#8243; background_hover_color_opacity=&#8220;1&#8243; column_shadow=&#8220;none&#8220; column_border_radius=&#8220;none&#8220; width=&#8220;1\/2&#8243; tablet_text_alignment=&#8220;default&#8220; phone_text_alignment=&#8220;default&#8220; column_border_width=&#8220;none&#8220; column_border_style=&#8220;solid&#8220;][vc_column_text]Hubert Lobnig, born in V\u00f6lkermarkt, and Iris Andraschek work both independently and in cooperation as artists and curators on site-related and context-oriented works in public space.<br \/>\nThey are interested in regional and global (contemporary) history and stories of individual actors, sometimes work in a participatory way and\/or offer interaction zones for the local population through their performative interventions and stationary installations. In doing so, they can draw on a wealth of experience in rural areas: e.g. through the projects they curate: Shared Confidence in Reinsberg in Mostviertel 2011 or Where the Borders Disappear at the Fratres\/Slavonice Border Crossing in Waldviertel 2014 and so on.[\/vc_column_text][\/vc_column][\/vc_row][vc_row type=&#8220;in_container&#8220; full_screen_row_position=&#8220;middle&#8220; scene_position=&#8220;center&#8220; text_color=&#8220;dark&#8220; text_align=&#8220;center&#8220; overlay_strength=&#8220;0.3&#8243; shape_divider_position=&#8220;bottom&#8220; shape_type=&#8220;&#8220;][vc_column column_padding=&#8220;no-extra-padding&#8220; column_padding_position=&#8220;all&#8220; background_color_opacity=&#8220;1&#8243; background_hover_color_opacity=&#8220;1&#8243; column_shadow=&#8220;none&#8220; column_border_radius=&#8220;none&#8220; width=&#8220;1\/1&#8243; tablet_text_alignment=&#8220;default&#8220; phone_text_alignment=&#8220;default&#8220; column_border_width=&#8220;none&#8220; column_border_style=&#8220;solid&#8220;][nectar_btn size=&#8220;small&#8220; open_new_tab=&#8220;true&#8220; button_style=&#8220;see-through-2&#8243; hover_text_color_override=&#8220;#ffffff&#8220; icon_family=&#8220;none&#8220; text=&#8220;Webpage Iris Adraschek&#8220; url=&#8220;https:\/\/irisandraschek.com\/&#8220; margin_left=&#8220;5&#8243;][nectar_btn size=&#8220;small&#8220; button_style=&#8220;see-through-2&#8243; hover_text_color_override=&#8220;#ffffff&#8220; icon_family=&#8220;none&#8220; url=&#8220;https:\/\/hubertlobnig.com\/&#8220; text=&#8220;Webpage Hubert Lobnig&#8220;][\/vc_column][\/vc_row][vc_row type=&#8220;in_container&#8220; full_screen_row_position=&#8220;middle&#8220; scene_position=&#8220;center&#8220; text_color=&#8220;dark&#8220; text_align=&#8220;left&#8220; overlay_strength=&#8220;0.3&#8243; shape_divider_position=&#8220;bottom&#8220;][vc_column column_padding=&#8220;no-extra-padding&#8220; column_padding_position=&#8220;all&#8220; background_color_opacity=&#8220;1&#8243; background_hover_color_opacity=&#8220;1&#8243; column_shadow=&#8220;none&#8220; column_border_radius=&#8220;none&#8220; width=&#8220;1\/1&#8243; tablet_text_alignment=&#8220;default&#8220; phone_text_alignment=&#8220;default&#8220; column_border_width=&#8220;none&#8220; column_border_style=&#8220;solid&#8220;]<div class=\"divider-wrap\"><div style=\"height: 20px;\" class=\"divider\"><\/div><\/div>[vc_column_text]\n<p style=\"text-align: center;\">THOMAS H\u00d6RL &amp; PETER KOZEK<\/p>\n[\/vc_column_text][\/vc_column][\/vc_row][vc_row type=&#8220;in_container&#8220; full_screen_row_position=&#8220;middle&#8220; scene_position=&#8220;center&#8220; text_color=&#8220;dark&#8220; text_align=&#8220;left&#8220; overlay_strength=&#8220;0.3&#8243; shape_divider_position=&#8220;bottom&#8220;][vc_column column_padding=&#8220;no-extra-padding&#8220; column_padding_position=&#8220;all&#8220; background_color_opacity=&#8220;1&#8243; background_hover_color_opacity=&#8220;1&#8243; column_shadow=&#8220;none&#8220; column_border_radius=&#8220;none&#8220; width=&#8220;1\/2&#8243; tablet_text_alignment=&#8220;default&#8220; phone_text_alignment=&#8220;default&#8220; column_border_width=&#8220;none&#8220; column_border_style=&#8220;solid&#8220;][vc_column_text]Thomas H\u00f6rl (in Golling a.d.S. aufgewachsen) und Peter Kozek arbeiten seit 2003 gemeinsam an performativen Projekten. Mit selbst hergestellten Masken, Kost\u00fcmen und Ritual-Gegenst\u00e4nden sowie ort-spezifischen Prozessionen generieren sie mit ihrem stark ethnographischen oder anthropologischen Zugang fiktive Erz\u00e4hlungen, die sich an historisch belasteten und oft in der Tat beunruhigenden Elementen popul\u00e4rer lokaler Mythen und Rituale orientieren. Ihre Projekte entstehen vielfach in mehrstufigen partizipativen Verfahren und werden filmisch \u00fcbersetzt. Siehe u.a.: <em>D\u00e4monische Leinw\u00e4nde<\/em> pr\u00e4sentiert im Kunstraum Lakeside Klagenfurt 2017 und beim steirischen herbst in Graz 2018.[\/vc_column_text][\/vc_column][vc_column column_padding=&#8220;no-extra-padding&#8220; column_padding_position=&#8220;all&#8220; background_color_opacity=&#8220;1&#8243; background_hover_color_opacity=&#8220;1&#8243; column_shadow=&#8220;none&#8220; column_border_radius=&#8220;none&#8220; width=&#8220;1\/2&#8243; tablet_text_alignment=&#8220;default&#8220; phone_text_alignment=&#8220;default&#8220; column_border_width=&#8220;none&#8220; column_border_style=&#8220;solid&#8220;][vc_column_text]Thomas H\u00f6rl (raised in Golling) and Peter Kozek have been working together on performative projects since 2003. Using masks, costumes and ritual objects they have made themselves, as well as site-specific processions, they generate fictional narratives with their strongly ethnographic or anthropological approach, which are based on historically charged and often indeed disturbing elements of popular local myths and rituals. Her projects are often developed in multi-level participatory processes and are translated into film. See among others: <em>Demonic Screens<\/em> presented at Kunstraum Lakeside Klagenfurt 2017 and at steirischer herbst in Graz 2018.[\/vc_column_text][\/vc_column][\/vc_row][vc_row type=&#8220;in_container&#8220; full_screen_row_position=&#8220;middle&#8220; scene_position=&#8220;center&#8220; text_color=&#8220;dark&#8220; text_align=&#8220;center&#8220; overlay_strength=&#8220;0.3&#8243; shape_divider_position=&#8220;bottom&#8220; shape_type=&#8220;&#8220;][vc_column column_padding=&#8220;no-extra-padding&#8220; column_padding_position=&#8220;all&#8220; background_color_opacity=&#8220;1&#8243; background_hover_color_opacity=&#8220;1&#8243; column_shadow=&#8220;none&#8220; column_border_radius=&#8220;none&#8220; width=&#8220;1\/1&#8243; tablet_text_alignment=&#8220;default&#8220; phone_text_alignment=&#8220;default&#8220; column_border_width=&#8220;none&#8220; column_border_style=&#8220;solid&#8220;][nectar_btn size=&#8220;small&#8220; open_new_tab=&#8220;true&#8220; button_style=&#8220;see-through-2&#8243; hover_text_color_override=&#8220;#ffffff&#8220; icon_family=&#8220;none&#8220; text=&#8220;Webpage Kozek H\u00f6rlonski&#8220; url=&#8220;http:\/\/kozek-hoerlonski.com\/&#8220;][\/vc_column][\/vc_row][vc_row type=&#8220;in_container&#8220; full_screen_row_position=&#8220;middle&#8220; scene_position=&#8220;center&#8220; text_color=&#8220;dark&#8220; text_align=&#8220;left&#8220; overlay_strength=&#8220;0.3&#8243; shape_divider_position=&#8220;bottom&#8220;][vc_column column_padding=&#8220;no-extra-padding&#8220; column_padding_position=&#8220;all&#8220; background_color_opacity=&#8220;1&#8243; background_hover_color_opacity=&#8220;1&#8243; column_shadow=&#8220;none&#8220; column_border_radius=&#8220;none&#8220; width=&#8220;1\/1&#8243; tablet_text_alignment=&#8220;default&#8220; phone_text_alignment=&#8220;default&#8220; column_border_width=&#8220;none&#8220; column_border_style=&#8220;solid&#8220;]<div class=\"divider-wrap\"><div style=\"height: 20px;\" class=\"divider\"><\/div><\/div>[vc_column_text]\n<p style=\"text-align: center;\">RALO MAYER<\/p>\n[\/vc_column_text][\/vc_column][\/vc_row][vc_row type=&#8220;in_container&#8220; full_screen_row_position=&#8220;middle&#8220; scene_position=&#8220;center&#8220; text_color=&#8220;dark&#8220; text_align=&#8220;left&#8220; overlay_strength=&#8220;0.3&#8243; shape_divider_position=&#8220;bottom&#8220;][vc_column column_padding=&#8220;no-extra-padding&#8220; column_padding_position=&#8220;all&#8220; background_color_opacity=&#8220;1&#8243; background_hover_color_opacity=&#8220;1&#8243; column_shadow=&#8220;none&#8220; column_border_radius=&#8220;none&#8220; width=&#8220;1\/2&#8243; tablet_text_alignment=&#8220;default&#8220; phone_text_alignment=&#8220;default&#8220; column_border_width=&#8220;none&#8220; column_border_style=&#8220;solid&#8220;][vc_column_text]Ralo Mayer ist an Zeitgeschichte und der \u00f6konomischen und \u00f6kologischen Transformation unserer Lebenswelt interessiert, erweitert aber h\u00e4ufig den Untersuchungsraum in au\u00dfer\u2013terrestrische Sph\u00e4ren. Er verfolgt in seinen Arbeiten ein breites Themenspektrum zwischen post-fordistischen Realit\u00e4ten, Raumfahrt-Geschichte, h\u00f6her-dimensionalen Geometrien und anderer Science Fiction. Habitus und Methoden der Naturwissenschaften performativ nachstellend stellt er die Frage, inwiefern durch \u201eModellwelten\u201c nicht nur Wirklichkeit beschrieben werden, sondern durch die Erzeugung, Nutzung und Interpretation dieser Modelle auch Sprechakte gesetzt und somit interveniert wird. Seinen prozessorientierten Forschungs-Ansatz unter Einsatz von Skripts, Rollen und Requisiten, wird er auch in der extrem exponierten Lage und Witterung der Bergwelten einsetzten.[\/vc_column_text][\/vc_column][vc_column column_padding=&#8220;no-extra-padding&#8220; column_padding_position=&#8220;all&#8220; background_color_opacity=&#8220;1&#8243; background_hover_color_opacity=&#8220;1&#8243; column_shadow=&#8220;none&#8220; column_border_radius=&#8220;none&#8220; width=&#8220;1\/2&#8243; tablet_text_alignment=&#8220;default&#8220; phone_text_alignment=&#8220;default&#8220; column_border_width=&#8220;none&#8220; column_border_style=&#8220;solid&#8220;][vc_column_text]Ralo Mayer is interested in contemporary history and the economic and ecological transformation of our living environment, but he often expands the scope of investigation into extra-terrestrial spheres. In his work, he pursues a wide range of topics between post-Fordist realities, space history, higher-dimensional geometries and other science fiction. By performatively re-enacting the habitus and methods of the natural sciences, he poses the question of the extent to which &#8222;model worlds&#8220; not only describe reality, but also set speech acts and thus intervene by creating, using and interpreting these models. His process-oriented research approach, using scripts, roles and props, will also be employed in the extremely exposed location and weather conditions of the mountain worlds.[\/vc_column_text][\/vc_column][\/vc_row][vc_row type=&#8220;in_container&#8220; full_screen_row_position=&#8220;middle&#8220; scene_position=&#8220;center&#8220; text_color=&#8220;dark&#8220; text_align=&#8220;center&#8220; overlay_strength=&#8220;0.3&#8243; shape_divider_position=&#8220;bottom&#8220; shape_type=&#8220;&#8220;][vc_column column_padding=&#8220;no-extra-padding&#8220; column_padding_position=&#8220;all&#8220; background_color_opacity=&#8220;1&#8243; background_hover_color_opacity=&#8220;1&#8243; column_shadow=&#8220;none&#8220; column_border_radius=&#8220;none&#8220; width=&#8220;1\/1&#8243; tablet_text_alignment=&#8220;default&#8220; phone_text_alignment=&#8220;default&#8220; column_border_width=&#8220;none&#8220; column_border_style=&#8220;solid&#8220;][nectar_btn size=&#8220;small&#8220; open_new_tab=&#8220;true&#8220; button_style=&#8220;see-through-2&#8243; hover_text_color_override=&#8220;#ffffff&#8220; icon_family=&#8220;none&#8220; text=&#8220;Webpage Ralo Mayer&#8220; url=&#8220;http:\/\/was-ist-multiplex.info\/&#8220;][\/vc_column][\/vc_row][vc_row type=&#8220;in_container&#8220; full_screen_row_position=&#8220;middle&#8220; scene_position=&#8220;center&#8220; text_color=&#8220;dark&#8220; text_align=&#8220;left&#8220; overlay_strength=&#8220;0.3&#8243; shape_divider_position=&#8220;bottom&#8220;][vc_column column_padding=&#8220;no-extra-padding&#8220; column_padding_position=&#8220;all&#8220; background_color_opacity=&#8220;1&#8243; background_hover_color_opacity=&#8220;1&#8243; column_shadow=&#8220;none&#8220; column_border_radius=&#8220;none&#8220; width=&#8220;1\/1&#8243; tablet_text_alignment=&#8220;default&#8220; phone_text_alignment=&#8220;default&#8220; column_border_width=&#8220;none&#8220; column_border_style=&#8220;solid&#8220;]<div class=\"divider-wrap\"><div style=\"height: 20px;\" class=\"divider\"><\/div><\/div>[vc_column_text]\n<p style=\"text-align: center;\">ANNA MEYER<\/p>\n[\/vc_column_text][\/vc_column][\/vc_row][vc_row type=&#8220;in_container&#8220; full_screen_row_position=&#8220;middle&#8220; scene_position=&#8220;center&#8220; text_color=&#8220;dark&#8220; text_align=&#8220;left&#8220; overlay_strength=&#8220;0.3&#8243; shape_divider_position=&#8220;bottom&#8220;][vc_column column_padding=&#8220;no-extra-padding&#8220; column_padding_position=&#8220;all&#8220; background_color_opacity=&#8220;1&#8243; background_hover_color_opacity=&#8220;1&#8243; column_shadow=&#8220;none&#8220; column_border_radius=&#8220;none&#8220; width=&#8220;1\/2&#8243; tablet_text_alignment=&#8220;default&#8220; phone_text_alignment=&#8220;default&#8220; column_border_width=&#8220;none&#8220; column_border_style=&#8220;solid&#8220;][vc_column_text]Anna Meyer, ist eine Schweizer Malerin, die in Wien lebt. In ihren mitunter gro\u00dfformatigen und vielfarbigen collagierten Bilderwelten ebenso wir in ihren kleinen Skulpturen treffen mobile Subjekte auf global zirkulierende Architekturen, Bilder, Waren, die heute Imaginationen und Identit\u00e4tsentw\u00fcrfe beeinflussen. Konterkarriert werden diese durch kritische Textfragmente und Slogans. Internet und Popul\u00e4rkultur bilden Gemeinschaften jenseits lokaler, nationaler oder regionaler Verankerungen, was auch im Kontext des Tourismus von Interesse sein kann. Anna Meyer hat bereits zuvor u.a. Billboards im Au\u00dfenraum realsiert \u2013 und eine Serie von Arbeiten zum weltweiten Klimawandel.[\/vc_column_text][\/vc_column][vc_column column_padding=&#8220;no-extra-padding&#8220; column_padding_position=&#8220;all&#8220; background_color_opacity=&#8220;1&#8243; background_hover_color_opacity=&#8220;1&#8243; column_shadow=&#8220;none&#8220; column_border_radius=&#8220;none&#8220; width=&#8220;1\/2&#8243; tablet_text_alignment=&#8220;default&#8220; phone_text_alignment=&#8220;default&#8220; column_border_width=&#8220;none&#8220; column_border_style=&#8220;solid&#8220;][vc_column_text]Anna Meyer, is a Swiss painter who lives in Vienna. In her sometimes large-format and multicoloured collaged worlds of images, as well as in her small sculptures, mobile subjects meet globally circulating architectures, images, goods, which today use to influence both individuals&#8216; imaginations and concepts of identity. These images are counteracted by critical text fragments and slogans.<br \/>\nHere, the Internet and popular culture form communities beyond local, national or regional anchoring, which is also typical for the context of tourism.Anna Meyer has created billboards in outdoor spaces &#8211; a series of works on global climate change.[\/vc_column_text][\/vc_column][\/vc_row][vc_row type=&#8220;in_container&#8220; full_screen_row_position=&#8220;middle&#8220; scene_position=&#8220;center&#8220; text_color=&#8220;dark&#8220; text_align=&#8220;center&#8220; overlay_strength=&#8220;0.3&#8243; shape_divider_position=&#8220;bottom&#8220; shape_type=&#8220;&#8220;][vc_column column_padding=&#8220;no-extra-padding&#8220; column_padding_position=&#8220;all&#8220; background_color_opacity=&#8220;1&#8243; background_hover_color_opacity=&#8220;1&#8243; column_shadow=&#8220;none&#8220; column_border_radius=&#8220;none&#8220; width=&#8220;1\/1&#8243; tablet_text_alignment=&#8220;default&#8220; phone_text_alignment=&#8220;default&#8220; column_border_width=&#8220;none&#8220; column_border_style=&#8220;solid&#8220;][nectar_btn size=&#8220;small&#8220; open_new_tab=&#8220;true&#8220; button_style=&#8220;see-through-2&#8243; hover_text_color_override=&#8220;#ffffff&#8220; icon_family=&#8220;none&#8220; text=&#8220;Interview mit Anna Meyer&#8220; url=&#8220;https:\/\/kunstund.blogspot.com\/2021\/08\/weltschmerz.html&#8220;][\/vc_column][\/vc_row][vc_row type=&#8220;in_container&#8220; full_screen_row_position=&#8220;middle&#8220; scene_position=&#8220;center&#8220; text_color=&#8220;dark&#8220; text_align=&#8220;left&#8220; overlay_strength=&#8220;0.3&#8243; shape_divider_position=&#8220;bottom&#8220;][vc_column column_padding=&#8220;no-extra-padding&#8220; column_padding_position=&#8220;all&#8220; background_color_opacity=&#8220;1&#8243; background_hover_color_opacity=&#8220;1&#8243; column_shadow=&#8220;none&#8220; column_border_radius=&#8220;none&#8220; width=&#8220;1\/1&#8243; tablet_text_alignment=&#8220;default&#8220; phone_text_alignment=&#8220;default&#8220; column_border_width=&#8220;none&#8220; column_border_style=&#8220;solid&#8220;]<div class=\"divider-wrap\"><div style=\"height: 20px;\" class=\"divider\"><\/div><\/div>[vc_column_text]\n<p style=\"text-align: center;\">HANNES ZEBEDIN<\/p>\n[\/vc_column_text][\/vc_column][\/vc_row][vc_row type=&#8220;in_container&#8220; full_screen_row_position=&#8220;middle&#8220; scene_position=&#8220;center&#8220; text_color=&#8220;dark&#8220; text_align=&#8220;left&#8220; overlay_strength=&#8220;0.3&#8243; shape_divider_position=&#8220;bottom&#8220;][vc_column column_padding=&#8220;no-extra-padding&#8220; column_padding_position=&#8220;all&#8220; background_color_opacity=&#8220;1&#8243; background_hover_color_opacity=&#8220;1&#8243; column_shadow=&#8220;none&#8220; column_border_radius=&#8220;none&#8220; width=&#8220;1\/2&#8243; tablet_text_alignment=&#8220;default&#8220; phone_text_alignment=&#8220;default&#8220; column_border_width=&#8220;none&#8220; column_border_style=&#8220;solid&#8220;][vc_column_text]Der Bildhauer Hannes Zebedin befasst sich intensiv mit der Alpen-Adria-Region, in der er geboren und aufgewachsen ist und in der er zum Teil auch lebt. Er war bei mehreren Ausstellungs-Projekten \u00fcber und in den Alpen beteiligt. In seinen Arbeiten analysiert er die Auswirkungen geopolitischer Strukturen auf die Landschaft und \u00fcbersetzt seine politisch ambitionierte Kritik in Assemblagen aus unterschiedlichen bildhauerischen Versatzst\u00fccken, wie u.a. in der Ausstellung <em>Transittradition<\/em> in der K\u00fcnstlerschaft Tirol 2018, die sich mit der Zurichtung der Landschaft f\u00fcr den Transitverkehr besch\u00e4ftigte.[\/vc_column_text][\/vc_column][vc_column column_padding=&#8220;no-extra-padding&#8220; column_padding_position=&#8220;all&#8220; background_color_opacity=&#8220;1&#8243; background_hover_color_opacity=&#8220;1&#8243; column_shadow=&#8220;none&#8220; column_border_radius=&#8220;none&#8220; width=&#8220;1\/2&#8243; tablet_text_alignment=&#8220;default&#8220; phone_text_alignment=&#8220;default&#8220; column_border_width=&#8220;none&#8220; column_border_style=&#8220;solid&#8220;][vc_column_text]The sculptor Hannes Zebedin deals intensively with the Alps-Adriatic region where he was born, grew up and lives \u2013 part time. He was involved in several exhibition projects about and in the Alps so far. In his artistic works he analyses the effects of geopolitical structures on the landscape and translates his politically ambitious criticism into assemblages of various sculptural set pieces, such as in the exhibition <em>Transittradition<\/em> at K\u00fcnstlerschaft Tirol in 2018, which dealt with the preparation and deformation of the landscape for transit traffic.[\/vc_column_text][\/vc_column][\/vc_row][vc_row type=&#8220;in_container&#8220; full_screen_row_position=&#8220;middle&#8220; scene_position=&#8220;center&#8220; text_color=&#8220;dark&#8220; text_align=&#8220;center&#8220; overlay_strength=&#8220;0.3&#8243; shape_divider_position=&#8220;bottom&#8220; shape_type=&#8220;&#8220;][vc_column column_padding=&#8220;no-extra-padding&#8220; column_padding_position=&#8220;all&#8220; background_color_opacity=&#8220;1&#8243; background_hover_color_opacity=&#8220;1&#8243; column_shadow=&#8220;none&#8220; column_border_radius=&#8220;none&#8220; width=&#8220;1\/1&#8243; tablet_text_alignment=&#8220;default&#8220; phone_text_alignment=&#8220;default&#8220; column_border_width=&#8220;none&#8220; column_border_style=&#8220;solid&#8220;][nectar_btn size=&#8220;small&#8220; open_new_tab=&#8220;true&#8220; button_style=&#8220;see-through-2&#8243; hover_text_color_override=&#8220;#ffffff&#8220; icon_family=&#8220;none&#8220; text=&#8220;Wohin bei Hannes&#8220;][\/vc_column][\/vc_row][vc_row type=&#8220;in_container&#8220; full_screen_row_position=&#8220;middle&#8220; scene_position=&#8220;center&#8220; text_color=&#8220;dark&#8220; text_align=&#8220;left&#8220; overlay_strength=&#8220;0.3&#8243; shape_divider_position=&#8220;bottom&#8220;][vc_column column_padding=&#8220;no-extra-padding&#8220; column_padding_position=&#8220;all&#8220; background_color_opacity=&#8220;1&#8243; background_hover_color_opacity=&#8220;1&#8243; column_shadow=&#8220;none&#8220; column_border_radius=&#8220;none&#8220; width=&#8220;1\/1&#8243; tablet_text_alignment=&#8220;default&#8220; phone_text_alignment=&#8220;default&#8220; column_border_width=&#8220;none&#8220; column_border_style=&#8220;solid&#8220;]<div class=\"divider-wrap\"><div style=\"height: 20px;\" class=\"divider\"><\/div><\/div>[vc_column_text]\n<p style=\"text-align: center;\">MICHAEL ZINGANEL<br \/>\nKURATOR | CURATOR<\/p>\n[\/vc_column_text][\/vc_column][\/vc_row][vc_row type=&#8220;in_container&#8220; full_screen_row_position=&#8220;middle&#8220; scene_position=&#8220;center&#8220; text_color=&#8220;dark&#8220; text_align=&#8220;left&#8220; overlay_strength=&#8220;0.3&#8243; shape_divider_position=&#8220;bottom&#8220;][vc_column column_padding=&#8220;no-extra-padding&#8220; column_padding_position=&#8220;all&#8220; background_color_opacity=&#8220;1&#8243; background_hover_color_opacity=&#8220;1&#8243; column_shadow=&#8220;none&#8220; column_border_radius=&#8220;none&#8220; width=&#8220;1\/2&#8243; tablet_text_alignment=&#8220;default&#8220; phone_text_alignment=&#8220;default&#8220; column_border_width=&#8220;none&#8220; column_border_style=&#8220;solid&#8220;][vc_column_text]Michael Zinganel lebt als Architekturtheoretiker, Kulturwissenschaftler, K\u00fcnstler und Kurator in Wien. Er arbeitete in Kooperation mit Peter Spillmann zu Kunst und Tourismus (2003\u201307) und seit 2005 mit Michael Hieslmair \u00fcber Massentourismus und transnationale Mobilit\u00e4t und Migration. Beide sind Begr\u00fcnder der Forschungsplattform \u201eTracing Spaces\u201c (2012), die u.a. die Ausstellung und Publikation \u201eHoliday after the Fall: Seaside Architecture and Urbanism in Bulgaria and Croatia\u201c (2012\u201315) produzierte, und Projektleiter des Forschungsprojektes &#8222;Stop &amp; Go. Nodes of Transformation and Transition\u201c an der Akademie der Bildenden K\u00fcnste Wien (2014-16). Aktuell arbeiten beide in situ \u00fcber die Transformation des Nordwestbahnhofs, des letzten innerst\u00e4dtischen Logistik-Knotens in Wien.[\/vc_column_text][\/vc_column][vc_column column_padding=&#8220;no-extra-padding&#8220; column_padding_position=&#8220;all&#8220; background_color_opacity=&#8220;1&#8243; background_hover_color_opacity=&#8220;1&#8243; column_shadow=&#8220;none&#8220; column_border_radius=&#8220;none&#8220; width=&#8220;1\/2&#8243; tablet_text_alignment=&#8220;default&#8220; phone_text_alignment=&#8220;default&#8220; column_border_width=&#8220;none&#8220; column_border_style=&#8220;solid&#8220;][vc_column_text]Michael Zinganel lives in Vienna as an architectural theorist, cultural scientist, artist and curator. He worked with Peter Spillmann on art and tourism (2003-07) and since 2005 with Michael Hieslmair on mass tourism and transnational mobility and migration. Both are founders of the research platform &#8222;Tracing Spaces&#8220; (2012), which among other things produced the exhibition and publication &#8222;Holiday after the Fall: Seaside Architecture and Urbanism in Bulgaria and Croatia&#8220; (2012\u201315), and project managers of the research project &#8222;Stop &amp; Go. Nodes of Transformation and Transition&#8220; research project at the Academy of Fine Arts Vienna (2014-16). Currently both are working in situ on the transformation of the Nordwestbahnhof, the last inner-city logistics node in Vienna.[\/vc_column_text][\/vc_column][\/vc_row][vc_row type=&#8220;in_container&#8220; full_screen_row_position=&#8220;middle&#8220; scene_position=&#8220;center&#8220; text_color=&#8220;dark&#8220; text_align=&#8220;center&#8220; overlay_strength=&#8220;0.3&#8243; shape_divider_position=&#8220;bottom&#8220; shape_type=&#8220;&#8220;][vc_column column_padding=&#8220;no-extra-padding&#8220; column_padding_position=&#8220;all&#8220; background_color_opacity=&#8220;1&#8243; background_hover_color_opacity=&#8220;1&#8243; column_shadow=&#8220;none&#8220; column_border_radius=&#8220;none&#8220; width=&#8220;1\/1&#8243; tablet_text_alignment=&#8220;default&#8220; phone_text_alignment=&#8220;default&#8220; column_border_width=&#8220;none&#8220; column_border_style=&#8220;solid&#8220;][nectar_btn size=&#8220;small&#8220; open_new_tab=&#8220;true&#8220; button_style=&#8220;see-through-2&#8243; hover_text_color_override=&#8220;#ffffff&#8220; icon_family=&#8220;none&#8220; text=&#8220;Webpage Michael Zinganel&#8220; url=&#8220;https:\/\/tracingspaces.net\/&#8220;][\/vc_column][\/vc_row][vc_row type=&#8220;in_container&#8220; full_screen_row_position=&#8220;middle&#8220; scene_position=&#8220;center&#8220; text_color=&#8220;dark&#8220; text_align=&#8220;left&#8220; overlay_strength=&#8220;0.3&#8243; shape_divider_position=&#8220;bottom&#8220;][vc_column column_padding=&#8220;no-extra-padding&#8220; column_padding_position=&#8220;all&#8220; background_color_opacity=&#8220;1&#8243; background_hover_color_opacity=&#8220;1&#8243; column_shadow=&#8220;none&#8220; column_border_radius=&#8220;none&#8220; width=&#8220;1\/1&#8243; tablet_text_alignment=&#8220;default&#8220; phone_text_alignment=&#8220;default&#8220; column_border_width=&#8220;none&#8220; column_border_style=&#8220;solid&#8220;]<div class=\"divider-wrap\"><div style=\"height: 20px;\" class=\"divider\"><\/div><\/div>[vc_column_text]\n<p style=\"text-align: center;\">THERESA HATTINGER<br \/>\nGRAPHIC DESIGN<\/p>\n[\/vc_column_text][\/vc_column][\/vc_row][vc_row type=&#8220;in_container&#8220; full_screen_row_position=&#8220;middle&#8220; scene_position=&#8220;center&#8220; text_color=&#8220;dark&#8220; text_align=&#8220;left&#8220; overlay_strength=&#8220;0.3&#8243; shape_divider_position=&#8220;bottom&#8220;][vc_column column_padding=&#8220;no-extra-padding&#8220; column_padding_position=&#8220;all&#8220; background_color_opacity=&#8220;1&#8243; background_hover_color_opacity=&#8220;1&#8243; column_shadow=&#8220;none&#8220; column_border_radius=&#8220;none&#8220; width=&#8220;1\/2&#8243; tablet_text_alignment=&#8220;default&#8220; phone_text_alignment=&#8220;default&#8220; column_border_width=&#8220;none&#8220; column_border_style=&#8220;solid&#8220;][vc_column_text]Theresa Hattinger, Grafikerin und B\u00fchnenbildnerin in Wien, arbeitet als interdisziplin\u00e4re Gestalterin mit den Schwerpunkten Textiles, Typografie und Zeichnung zu politischen und sozio-kulturellen Themen im \u00f6ffentlichen Raum. Seit 2019 hat sie auch bei mehreen Projekten von Tracing Spaces mitgewirkt und f\u00fcr dieses Projekt das visuelle Leitsystems und die Drucksorten gestaltet.[\/vc_column_text][\/vc_column][vc_column column_padding=&#8220;no-extra-padding&#8220; column_padding_position=&#8220;all&#8220; background_color_opacity=&#8220;1&#8243; background_hover_color_opacity=&#8220;1&#8243; column_shadow=&#8220;none&#8220; column_border_radius=&#8220;none&#8220; width=&#8220;1\/2&#8243; tablet_text_alignment=&#8220;default&#8220; phone_text_alignment=&#8220;default&#8220; column_border_width=&#8220;none&#8220; column_border_style=&#8220;solid&#8220;][vc_column_text]Theresa Hattinger, educated as graphic and set designer in Vienna, works as an interdisciplinary designer with a focus on textiles, typography and drawing on political and socio-cultural topics \u2013 also in public space. Since 2019 she has also collaborated on several projects of Tracing Spaces and designed the visual guidance system and the print for this project.[\/vc_column_text][\/vc_column][\/vc_row][vc_row type=&#8220;in_container&#8220; full_screen_row_position=&#8220;middle&#8220; scene_position=&#8220;center&#8220; text_color=&#8220;dark&#8220; text_align=&#8220;center&#8220; overlay_strength=&#8220;0.3&#8243; shape_divider_position=&#8220;bottom&#8220; shape_type=&#8220;&#8220;][vc_column column_padding=&#8220;no-extra-padding&#8220; column_padding_position=&#8220;all&#8220; background_color_opacity=&#8220;1&#8243; background_hover_color_opacity=&#8220;1&#8243; column_shadow=&#8220;none&#8220; column_border_radius=&#8220;none&#8220; width=&#8220;1\/1&#8243; tablet_text_alignment=&#8220;default&#8220; phone_text_alignment=&#8220;default&#8220; column_border_width=&#8220;none&#8220; column_border_style=&#8220;solid&#8220;][nectar_btn size=&#8220;small&#8220; open_new_tab=&#8220;true&#8220; button_style=&#8220;see-through-2&#8243; hover_text_color_override=&#8220;#ffffff&#8220; icon_family=&#8220;none&#8220; text=&#8220;Webpage Theresa Hattinger&#8220; url=&#8220;https:\/\/thehatdesign.com\/&#8220;][\/vc_column][\/vc_row][vc_row type=&#8220;in_container&#8220; full_screen_row_position=&#8220;middle&#8220; scene_position=&#8220;center&#8220; text_color=&#8220;dark&#8220; text_align=&#8220;left&#8220; overlay_strength=&#8220;0.3&#8243; shape_divider_position=&#8220;bottom&#8220;][vc_column column_padding=&#8220;no-extra-padding&#8220; column_padding_position=&#8220;all&#8220; background_color_opacity=&#8220;1&#8243; background_hover_color_opacity=&#8220;1&#8243; column_shadow=&#8220;none&#8220; column_border_radius=&#8220;none&#8220; width=&#8220;1\/1&#8243; tablet_text_alignment=&#8220;default&#8220; phone_text_alignment=&#8220;default&#8220; column_border_width=&#8220;none&#8220; column_border_style=&#8220;solid&#8220;]<div class=\"divider-wrap\"><div style=\"height: 20px;\" class=\"divider\"><\/div><\/div>[\/vc_column][\/vc_row][vc_row type=&#8220;in_container&#8220; full_screen_row_position=&#8220;middle&#8220; scene_position=&#8220;center&#8220; text_color=&#8220;dark&#8220; text_align=&#8220;left&#8220; overlay_strength=&#8220;0.3&#8243; shape_divider_position=&#8220;bottom&#8220;][vc_column column_padding=&#8220;no-extra-padding&#8220; column_padding_position=&#8220;all&#8220; background_color_opacity=&#8220;1&#8243; background_hover_color_opacity=&#8220;1&#8243; column_shadow=&#8220;none&#8220; column_border_radius=&#8220;none&#8220; width=&#8220;1\/1&#8243; tablet_text_alignment=&#8220;default&#8220; phone_text_alignment=&#8220;default&#8220; column_border_width=&#8220;none&#8220; column_border_style=&#8220;solid&#8220;]<div class=\"divider-wrap\"><div style=\"height: 30px;\" class=\"divider\"><\/div><\/div><div class=\"img-with-aniamtion-wrap center\" data-max-width=\"100%\" data-border-radius=\"none\"><div class=\"inner\"><img loading=\"lazy\" decoding=\"async\" data-shadow=\"none\" data-shadow-direction=\"middle\" class=\"img-with-animation \" data-delay=\"0\" height=\"94\" width=\"476\" data-animation=\"fade-in\" src=\"https:\/\/tracingspaces.net\/heavenandhell\/wp-content\/uploads\/sites\/14\/2020\/07\/serpentine_logos_landscape_02-1.png\" srcset=\"https:\/\/tracingspaces.net\/heavenandhell\/wp-content\/uploads\/sites\/14\/2020\/07\/serpentine_logos_landscape_02-1.png 476w, https:\/\/tracingspaces.net\/heavenandhell\/wp-content\/uploads\/sites\/14\/2020\/07\/serpentine_logos_landscape_02-1-300x59.png 300w\" sizes=\"auto, 100vw\" alt=\"\" \/><\/div><\/div>[\/vc_column][\/vc_row]\n","protected":false},"excerpt":{"rendered":"<p>[vc_row type=&#8220;in_container&#8220; full_screen_row_position=&#8220;middle&#8220; scene_position=&#8220;center&#8220; text_color=&#8220;dark&#8220; text_align=&#8220;left&#8220; overlay_strength=&#8220;0.3&#8243; shape_divider_position=&#8220;bottom&#8220;][vc_column column_padding=&#8220;no-extra-padding&#8220; column_padding_position=&#8220;all&#8220; background_color_opacity=&#8220;1&#8243; background_hover_color_opacity=&#8220;1&#8243; column_shadow=&#8220;none&#8220; column_border_radius=&#8220;none&#8220; width=&#8220;1\/1&#8243; tablet_text_alignment=&#8220;default&#8220; phone_text_alignment=&#8220;default&#8220; column_border_width=&#8220;none&#8220; column_border_style=&#8220;solid&#8220;][vc_column_text] K\u00dcNSTLERISCHES TEAM | ARTISTIC TEAM [\/vc_column_text][\/vc_column][\/vc_row][vc_row type=&#8220;in_container&#8220; full_screen_row_position=&#8220;middle&#8220; scene_position=&#8220;center&#8220; text_color=&#8220;dark&#8220; text_align=&#8220;left&#8220;&#8230;<\/p>\n","protected":false},"author":1,"featured_media":0,"parent":0,"menu_order":0,"comment_status":"closed","ping_status":"closed","template":"","meta":{"footnotes":""},"class_list":["post-13","page","type-page","status-publish"],"_links":{"self":[{"href":"https:\/\/tracingspaces.net\/heavenandhell\/wp-json\/wp\/v2\/pages\/13","targetHints":{"allow":["GET"]}}],"collection":[{"href":"https:\/\/tracingspaces.net\/heavenandhell\/wp-json\/wp\/v2\/pages"}],"about":[{"href":"https:\/\/tracingspaces.net\/heavenandhell\/wp-json\/wp\/v2\/types\/page"}],"author":[{"embeddable":true,"href":"https:\/\/tracingspaces.net\/heavenandhell\/wp-json\/wp\/v2\/users\/1"}],"replies":[{"embeddable":true,"href":"https:\/\/tracingspaces.net\/heavenandhell\/wp-json\/wp\/v2\/comments?post=13"}],"version-history":[{"count":50,"href":"https:\/\/tracingspaces.net\/heavenandhell\/wp-json\/wp\/v2\/pages\/13\/revisions"}],"predecessor-version":[{"id":635,"href":"https:\/\/tracingspaces.net\/heavenandhell\/wp-json\/wp\/v2\/pages\/13\/revisions\/635"}],"wp:attachment":[{"href":"https:\/\/tracingspaces.net\/heavenandhell\/wp-json\/wp\/v2\/media?parent=13"}],"curies":[{"name":"wp","href":"https:\/\/api.w.org\/{rel}","templated":true}]}}