{"id":196,"date":"2020-04-08T14:22:39","date_gmt":"2020-04-08T12:22:39","guid":{"rendered":"http:\/\/aufundzu.tracingspaces.net\/?page_id=196"},"modified":"2021-12-15T16:43:03","modified_gmt":"2021-12-15T15:43:03","slug":"fisch-geschichten","status":"publish","type":"page","link":"https:\/\/tracingspaces.net\/aufundzu\/fisch-geschichten\/","title":{"rendered":"Fisch-Geschichten"},"content":{"rendered":"[vc_row type=&#8220;in_container&#8220; full_screen_row_position=&#8220;middle&#8220; scene_position=&#8220;center&#8220; text_color=&#8220;dark&#8220; text_align=&#8220;left&#8220; overlay_strength=&#8220;0.3&#8243; shape_divider_position=&#8220;bottom&#8220;][vc_column column_padding=&#8220;no-extra-padding&#8220; column_padding_position=&#8220;all&#8220; background_color_opacity=&#8220;1&#8243; background_hover_color_opacity=&#8220;1&#8243; column_shadow=&#8220;none&#8220; column_border_radius=&#8220;none&#8220; width=&#8220;1\/1&#8243; tablet_text_alignment=&#8220;default&#8220; phone_text_alignment=&#8220;default&#8220; column_border_width=&#8220;none&#8220; column_border_style=&#8220;solid&#8220;]<div class=\"img-with-aniamtion-wrap \" data-max-width=\"100%\" data-border-radius=\"none\"><div class=\"inner\"><img loading=\"lazy\" decoding=\"async\" data-shadow=\"none\" data-shadow-direction=\"middle\" class=\"img-with-animation \" data-delay=\"0\" height=\"181\" width=\"1920\" data-animation=\"fade-in\" src=\"https:\/\/tracingspaces.net\/aufundzu\/wp-content\/uploads\/sites\/10\/2020\/04\/fischgeschichten_geschichtenfischen.png\" srcset=\"https:\/\/tracingspaces.net\/aufundzu\/wp-content\/uploads\/sites\/10\/2020\/04\/fischgeschichten_geschichtenfischen.png 1920w, https:\/\/tracingspaces.net\/aufundzu\/wp-content\/uploads\/sites\/10\/2020\/04\/fischgeschichten_geschichtenfischen-300x28.png 300w, https:\/\/tracingspaces.net\/aufundzu\/wp-content\/uploads\/sites\/10\/2020\/04\/fischgeschichten_geschichtenfischen-1024x97.png 1024w, https:\/\/tracingspaces.net\/aufundzu\/wp-content\/uploads\/sites\/10\/2020\/04\/fischgeschichten_geschichtenfischen-768x72.png 768w, https:\/\/tracingspaces.net\/aufundzu\/wp-content\/uploads\/sites\/10\/2020\/04\/fischgeschichten_geschichtenfischen-1536x145.png 1536w\" sizes=\"auto, 100vw\" alt=\"\" \/><\/div><\/div>[\/vc_column][\/vc_row][vc_row type=&#8220;in_container&#8220; full_screen_row_position=&#8220;middle&#8220; scene_position=&#8220;center&#8220; text_color=&#8220;dark&#8220; text_align=&#8220;left&#8220; overlay_strength=&#8220;0.3&#8243; shape_divider_position=&#8220;bottom&#8220;][vc_column column_padding=&#8220;no-extra-padding&#8220; column_padding_position=&#8220;all&#8220; background_color_opacity=&#8220;1&#8243; background_hover_color_opacity=&#8220;1&#8243; column_shadow=&#8220;none&#8220; column_border_radius=&#8220;none&#8220; width=&#8220;1\/1&#8243; tablet_text_alignment=&#8220;default&#8220; phone_text_alignment=&#8220;default&#8220; column_border_width=&#8220;none&#8220; column_border_style=&#8220;solid&#8220;]<div class=\"img-with-aniamtion-wrap \" data-max-width=\"100%\" data-border-radius=\"none\"><div class=\"inner\"><img loading=\"lazy\" decoding=\"async\" data-shadow=\"none\" data-shadow-direction=\"middle\" class=\"img-with-animation \" data-delay=\"0\" height=\"615\" width=\"800\" data-animation=\"fade-in\" src=\"https:\/\/tracingspaces.net\/aufundzu\/wp-content\/uploads\/sites\/10\/2020\/04\/angelspiel-p_low.jpg\" srcset=\"https:\/\/tracingspaces.net\/aufundzu\/wp-content\/uploads\/sites\/10\/2020\/04\/angelspiel-p_low.jpg 800w, https:\/\/tracingspaces.net\/aufundzu\/wp-content\/uploads\/sites\/10\/2020\/04\/angelspiel-p_low-300x231.jpg 300w, https:\/\/tracingspaces.net\/aufundzu\/wp-content\/uploads\/sites\/10\/2020\/04\/angelspiel-p_low-768x590.jpg 768w\" sizes=\"auto, 100vw\" alt=\"Unsre Inspiration aus Kindheitstagen\" \/><\/div><\/div>[\/vc_column][\/vc_row][vc_row type=&#8220;in_container&#8220; full_screen_row_position=&#8220;middle&#8220; scene_position=&#8220;center&#8220; text_color=&#8220;dark&#8220; text_align=&#8220;left&#8220; overlay_strength=&#8220;0.3&#8243; shape_divider_position=&#8220;bottom&#8220;][vc_column column_padding=&#8220;no-extra-padding&#8220; column_padding_position=&#8220;all&#8220; background_color_opacity=&#8220;1&#8243; background_hover_color_opacity=&#8220;1&#8243; column_shadow=&#8220;none&#8220; column_border_radius=&#8220;none&#8220; width=&#8220;1\/1&#8243; tablet_text_alignment=&#8220;default&#8220; phone_text_alignment=&#8220;default&#8220; column_border_width=&#8220;none&#8220; column_border_style=&#8220;solid&#8220;][vc_column_text]Magnetisches Angelspiel von J.W. Spear &amp; S\u00f6hne 1933\/1941 \u00a9 <a href=\"https:\/\/museen.nuernberg.de\/spielearchiv\/sondersammlungen\/spear-archiv\/\" target=\"_blank\" rel=\"noopener noreferrer\">Museen der Stadt N\u00fcrnberg, Deutsches Spielearchiv N\u00fcrnberg<\/a>[\/vc_column_text][\/vc_column][\/vc_row][vc_row type=&#8220;in_container&#8220; full_screen_row_position=&#8220;middle&#8220; scene_position=&#8220;center&#8220; text_color=&#8220;dark&#8220; text_align=&#8220;left&#8220; overlay_strength=&#8220;0.3&#8243; shape_divider_position=&#8220;bottom&#8220;][vc_column column_padding=&#8220;no-extra-padding&#8220; column_padding_position=&#8220;all&#8220; background_color_opacity=&#8220;1&#8243; background_hover_color_opacity=&#8220;1&#8243; column_shadow=&#8220;none&#8220; column_border_radius=&#8220;none&#8220; width=&#8220;2\/3&#8243; tablet_text_alignment=&#8220;default&#8220; phone_text_alignment=&#8220;default&#8220; column_border_width=&#8220;none&#8220; column_border_style=&#8220;solid&#8220;]<div class=\"divider-wrap\"><div style=\"height: 50px;\" class=\"divider\"><\/div><\/div>[vc_column_text]\n<h3>Fischgeschichte(n)-Fischen<\/h3>\n<p>Unsere Ausstellung am Nordwestbahnhof ist \u2013 von Mitte Dezember bis Mitte J\u00e4nner \u2013 nur nach pers\u00f6nlicher Vereinbarung\u00a0 zug\u00e4nglich, nichtsdestotrotz begr\u00fcssen wir Euch hier in unserem digitalen Sammelgef\u00e4ss f\u00fcr historische Fisch-Geschichte(n): Es ist dies ein &#8222;Fischteich&#8220; mit fisch-spezifischen Appetithappen aller Art, die uns Expert*innen mit unterschiedlichsten sozialem und beruflichem Hintergrund zugetragen haben. Eine frisch geangelte Auswahl wollen wir hier \u2013 in chronologischer Reihenfolge geordnet \u2013 zur visuellen und akustischen Verkostung anbieten:[\/vc_column_text][\/vc_column][vc_column column_padding=&#8220;no-extra-padding&#8220; column_padding_position=&#8220;all&#8220; background_color_opacity=&#8220;1&#8243; background_hover_color_opacity=&#8220;1&#8243; column_shadow=&#8220;none&#8220; column_border_radius=&#8220;none&#8220; width=&#8220;1\/3&#8243; tablet_text_alignment=&#8220;default&#8220; phone_text_alignment=&#8220;default&#8220; column_border_width=&#8220;none&#8220; column_border_style=&#8220;solid&#8220;][\/vc_column][\/vc_row][vc_row type=&#8220;in_container&#8220; full_screen_row_position=&#8220;middle&#8220; scene_position=&#8220;center&#8220; text_color=&#8220;dark&#8220; text_align=&#8220;left&#8220; overlay_strength=&#8220;0.3&#8243; shape_divider_position=&#8220;bottom&#8220;][vc_column column_padding=&#8220;no-extra-padding&#8220; column_padding_position=&#8220;all&#8220; background_color_opacity=&#8220;1&#8243; background_hover_color_opacity=&#8220;1&#8243; column_shadow=&#8220;none&#8220; column_border_radius=&#8220;none&#8220; width=&#8220;2\/3&#8243; tablet_text_alignment=&#8220;default&#8220; phone_text_alignment=&#8220;default&#8220; column_border_width=&#8220;none&#8220; column_border_style=&#8220;solid&#8220;]<div class=\"divider-wrap\"><div style=\"height: 30px;\" class=\"divider\"><\/div><\/div>[\/vc_column][vc_column column_padding=&#8220;no-extra-padding&#8220; column_padding_position=&#8220;all&#8220; background_color_opacity=&#8220;1&#8243; background_hover_color_opacity=&#8220;1&#8243; column_shadow=&#8220;none&#8220; column_border_radius=&#8220;none&#8220; width=&#8220;1\/3&#8243; tablet_text_alignment=&#8220;default&#8220; phone_text_alignment=&#8220;default&#8220; column_border_width=&#8220;none&#8220; column_border_style=&#8220;solid&#8220;][\/vc_column][\/vc_row][vc_row type=&#8220;in_container&#8220; full_screen_row_position=&#8220;middle&#8220; scene_position=&#8220;center&#8220; text_color=&#8220;dark&#8220; text_align=&#8220;left&#8220; overlay_strength=&#8220;0.3&#8243; shape_divider_position=&#8220;bottom&#8220;][vc_column column_padding=&#8220;no-extra-padding&#8220; column_padding_position=&#8220;all&#8220; background_color_opacity=&#8220;1&#8243; background_hover_color_opacity=&#8220;1&#8243; column_shadow=&#8220;none&#8220; column_border_radius=&#8220;none&#8220; width=&#8220;2\/3&#8243; tablet_text_alignment=&#8220;default&#8220; phone_text_alignment=&#8220;default&#8220; column_border_width=&#8220;none&#8220; column_border_style=&#8220;solid&#8220;][vc_column_text]\n<h3>1548<\/h3>\n<p><strong>Wolfgang Schmelzl,<\/strong> \u201eLobspruch der Hochl\u00f6blichen weit ber\u00fcmbten Kh\u00fcnigklichen Stat Wienn in \u00d6sterreich\u201c<\/p>\n<ul>\n<li style=\"list-style-type: none;\">Als ich sodann zum Fischmarkt kam,<br \/>\nMich noch viel st\u00e4rker Wunder nahm<br \/>\nDer selt&#8217;nen Fische gro\u00dfe Menge,<br \/>\nEs war von Fischern stark Gedr\u00e4nge.<br \/>\nVon B\u00f6hmen, M\u00e4hren, Ungarland,<br \/>\nVierzehn Wagen mit Hausen ich fand.<br \/>\nHab&#8216; nie gesehen solche Sach&#8216;,<br \/>\nDionysi Fischer zu mir sprach:<br \/>\nMein Freund, glaub&#8217;t mir, man brachte her,<br \/>\nSo f\u00fcnfthalb hundert ungef\u00e4hr (&#8230;).<\/li>\n<\/ul>\n<p>Eingereicht von Andreas Nierhaus, Kunsthistoriker und Kurator, Wien.[\/vc_column_text][\/vc_column][vc_column column_padding=&#8220;no-extra-padding&#8220; column_padding_position=&#8220;all&#8220; background_color_opacity=&#8220;1&#8243; background_hover_color_opacity=&#8220;1&#8243; column_shadow=&#8220;none&#8220; column_border_radius=&#8220;none&#8220; width=&#8220;1\/3&#8243; tablet_text_alignment=&#8220;default&#8220; phone_text_alignment=&#8220;default&#8220; column_border_width=&#8220;none&#8220; column_border_style=&#8220;solid&#8220;][\/vc_column][\/vc_row][vc_row type=&#8220;in_container&#8220; full_screen_row_position=&#8220;middle&#8220; scene_position=&#8220;center&#8220; text_color=&#8220;dark&#8220; text_align=&#8220;left&#8220; overlay_strength=&#8220;0.3&#8243; shape_divider_position=&#8220;bottom&#8220;][vc_column column_padding=&#8220;no-extra-padding&#8220; column_padding_position=&#8220;all&#8220; background_color_opacity=&#8220;1&#8243; background_hover_color_opacity=&#8220;1&#8243; column_shadow=&#8220;none&#8220; column_border_radius=&#8220;none&#8220; width=&#8220;2\/3&#8243; tablet_text_alignment=&#8220;default&#8220; phone_text_alignment=&#8220;default&#8220; column_border_width=&#8220;none&#8220; column_border_style=&#8220;solid&#8220;]<div class=\"divider-wrap\"><div style=\"height: 30px;\" class=\"divider\"><\/div><\/div>[vc_column_text]\n<h3>1726<\/h3>\n<p><strong>Ferdinando Luigi Marsigli<\/strong>, \u201e\u00dcber die Donaufische&#8220;<\/p>\n<ul>\n<li style=\"list-style-type: none;\">(\u2026) (Der Hausen) verbirgt sich im Winter in tiefen H\u00f6hlungen, aus welchen er im Fr\u00fchling von den Eisbrocken, die mit der ganzen Kraft der Donau heftig bis zum Flussgrund hinabsinken, vertrieben wird, was nicht selten mit Verletzungen verbunden ist, da die Eisbrocken auf seiner Wanderung in tiefere Gr\u00fcnde, um Eier abzulaichen, oft seinen Rostrum zerschellen. Die Fischer behaupten, dass nicht nur diese, sondern alle \u00fcbrigen Klassen der Hausen, die sich aus dem Schwarzen Meer flussaufw\u00e4rts bewegen, wobei die zuerst durchgekommenen eine hellere Farbe haben, sich bei unbest\u00e4ndigem Fr\u00fchling ins Meer zur\u00fcckziehen, um im Juli [wieder in den Strom] zur\u00fcckzukehren. Ungef\u00e4hr im Herbst steigen sie wieder in die Tiefe hinab, um Schlupfwinkel und \u00dcberwinterungspl\u00e4tze aufzusuchen. Daher wird der Hausen nur im Fr\u00fchling und im Herbst gefangen; man nimmt n\u00e4mlich an, dass er im Sommer aus der Donau wandert. Im Winter k\u00f6nnen die Fischer sich jedoch nicht mit den Netzen dem Abgrund, in dem die Fische sich verbergen, ann\u00e4hern (\u2026).<\/li>\n<\/ul>\n<p>Quelle: aus dem Lateinischen \u00fcbersetzt f\u00fcr: Der Fluss. Eine Donau-Anthologie der anderen Art, hrsg. von Edit Kir\u00e1ly und Olivia Spiridon 2018. Eingereicht von Olivia Spiridon, Literaturwissenschaftlerin, T\u00fcbingen.[\/vc_column_text][\/vc_column][vc_column column_padding=&#8220;no-extra-padding&#8220; column_padding_position=&#8220;all&#8220; background_color_opacity=&#8220;1&#8243; background_hover_color_opacity=&#8220;1&#8243; column_shadow=&#8220;none&#8220; column_border_radius=&#8220;none&#8220; width=&#8220;1\/3&#8243; tablet_text_alignment=&#8220;default&#8220; phone_text_alignment=&#8220;default&#8220; column_border_width=&#8220;none&#8220; column_border_style=&#8220;solid&#8220;][\/vc_column][\/vc_row][vc_row type=&#8220;in_container&#8220; full_screen_row_position=&#8220;middle&#8220; scene_position=&#8220;center&#8220; text_color=&#8220;dark&#8220; text_align=&#8220;left&#8220; overlay_strength=&#8220;0.3&#8243; shape_divider_position=&#8220;bottom&#8220;][vc_column column_padding=&#8220;no-extra-padding&#8220; column_padding_position=&#8220;all&#8220; background_color_opacity=&#8220;1&#8243; background_hover_color_opacity=&#8220;1&#8243; column_shadow=&#8220;none&#8220; column_border_radius=&#8220;none&#8220; width=&#8220;2\/3&#8243; tablet_text_alignment=&#8220;default&#8220; phone_text_alignment=&#8220;default&#8220; column_border_width=&#8220;none&#8220; column_border_style=&#8220;solid&#8220;]<div class=\"divider-wrap\"><div style=\"height: 30px;\" class=\"divider\"><\/div><\/div>[vc_column_text]\n<h3>1778<\/h3>\n<p><strong>Joseph Daniel von Huber,<\/strong> \u201eVogelschauplan der Stadt Wien mit ihren Vorst\u00e4dten&#8220;[\/vc_column_text][\/vc_column][vc_column column_padding=&#8220;no-extra-padding&#8220; column_padding_position=&#8220;all&#8220; background_color_opacity=&#8220;1&#8243; background_hover_color_opacity=&#8220;1&#8243; column_shadow=&#8220;none&#8220; column_border_radius=&#8220;none&#8220; width=&#8220;1\/3&#8243; tablet_text_alignment=&#8220;default&#8220; phone_text_alignment=&#8220;default&#8220; column_border_width=&#8220;none&#8220; column_border_style=&#8220;solid&#8220;][\/vc_column][\/vc_row][vc_row type=&#8220;in_container&#8220; full_screen_row_position=&#8220;middle&#8220; scene_position=&#8220;center&#8220; text_color=&#8220;dark&#8220; text_align=&#8220;left&#8220; overlay_strength=&#8220;0.3&#8243; shape_divider_position=&#8220;bottom&#8220;][vc_column column_padding=&#8220;no-extra-padding&#8220; column_padding_position=&#8220;all&#8220; background_color_opacity=&#8220;1&#8243; background_hover_color_opacity=&#8220;1&#8243; column_shadow=&#8220;none&#8220; column_border_radius=&#8220;none&#8220; width=&#8220;1\/2&#8243; tablet_text_alignment=&#8220;default&#8220; phone_text_alignment=&#8220;default&#8220; column_border_width=&#8220;none&#8220; column_border_style=&#8220;solid&#8220;]<div class=\"img-with-aniamtion-wrap \" data-max-width=\"100%\" data-border-radius=\"none\"><div class=\"inner\"><img loading=\"lazy\" decoding=\"async\" data-shadow=\"none\" data-shadow-direction=\"middle\" class=\"img-with-animation \" data-delay=\"0\" height=\"888\" width=\"1000\" data-animation=\"fade-in\" src=\"https:\/\/tracingspaces.net\/aufundzu\/wp-content\/uploads\/sites\/10\/2020\/04\/huber-wien-1778_fish-markierung-1_web-1000.jpg\" srcset=\"https:\/\/tracingspaces.net\/aufundzu\/wp-content\/uploads\/sites\/10\/2020\/04\/huber-wien-1778_fish-markierung-1_web-1000.jpg 1000w, https:\/\/tracingspaces.net\/aufundzu\/wp-content\/uploads\/sites\/10\/2020\/04\/huber-wien-1778_fish-markierung-1_web-1000-300x266.jpg 300w, https:\/\/tracingspaces.net\/aufundzu\/wp-content\/uploads\/sites\/10\/2020\/04\/huber-wien-1778_fish-markierung-1_web-1000-768x682.jpg 768w\" sizes=\"auto, 100vw\" alt=\"\" \/><\/div><\/div>[\/vc_column][vc_column column_padding=&#8220;no-extra-padding&#8220; column_padding_position=&#8220;all&#8220; background_color_opacity=&#8220;1&#8243; background_hover_color_opacity=&#8220;1&#8243; column_shadow=&#8220;none&#8220; column_border_radius=&#8220;none&#8220; width=&#8220;1\/2&#8243; tablet_text_alignment=&#8220;default&#8220; phone_text_alignment=&#8220;default&#8220; column_border_width=&#8220;none&#8220; column_border_style=&#8220;solid&#8220;][\/vc_column][\/vc_row][vc_row type=&#8220;in_container&#8220; full_screen_row_position=&#8220;middle&#8220; scene_position=&#8220;center&#8220; text_color=&#8220;dark&#8220; text_align=&#8220;left&#8220; overlay_strength=&#8220;0.3&#8243; shape_divider_position=&#8220;bottom&#8220;][vc_column column_padding=&#8220;no-extra-padding&#8220; column_padding_position=&#8220;all&#8220; background_color_opacity=&#8220;1&#8243; background_hover_color_opacity=&#8220;1&#8243; column_shadow=&#8220;none&#8220; column_border_radius=&#8220;none&#8220; width=&#8220;2\/3&#8243; tablet_text_alignment=&#8220;default&#8220; phone_text_alignment=&#8220;default&#8220; column_border_width=&#8220;none&#8220; column_border_style=&#8220;solid&#8220;]<div class=\"divider-wrap\"><div style=\"height: 10px;\" class=\"divider\"><\/div><\/div>[vc_column_text]Karten-Ausschnitt mit Markierungen historisch &#8218;fischrelevanter&#8216; Orte in der Wiener Innenstadt: Fischm\u00e4rkte &#8222;Am Schanzl&#8220; (1) und &#8222;Hoher Markt&#8220; (2), Kirche der Fischer \u2013\u00a0Maria am Gestade\u00a0(3).<\/p>\n<p>Quelle: Der auf 24 Blatt erschienene Vogelschauplan der Stadt Wien mit ihren Vorst\u00e4dten von Joseph Daniel von Huber beruhte im Wesentlichen auf einer 1769 bis 1773 entstandenen kartografischen Aufnahme der Stadt, deren Manuskriptversion Huber 1773 seiner Auftraggeberin, Maria Theresia, \u00fcbergeben konnte. Hubers Werk z\u00e4hlt zu den bedeutendsten kartographischen Darstellungen Wiens. Siehe: <a href=\"https:\/\/www.geschichtewiki.wien.gv.at\/Vogelschauplan,_Joseph_Daniel_Huber_(1778)\" target=\"_blank\" rel=\"noopener noreferrer\">Wien Geschichte Wiki<\/a>. Eingereicht von Michael Hieslmair und Michael Zinganel, Tracing Spaces.[\/vc_column_text][\/vc_column][vc_column column_padding=&#8220;no-extra-padding&#8220; column_padding_position=&#8220;all&#8220; background_color_opacity=&#8220;1&#8243; background_hover_color_opacity=&#8220;1&#8243; column_shadow=&#8220;none&#8220; column_border_radius=&#8220;none&#8220; width=&#8220;1\/3&#8243; tablet_text_alignment=&#8220;default&#8220; phone_text_alignment=&#8220;default&#8220; column_border_width=&#8220;none&#8220; column_border_style=&#8220;solid&#8220;][\/vc_column][\/vc_row][vc_row type=&#8220;in_container&#8220; full_screen_row_position=&#8220;middle&#8220; scene_position=&#8220;center&#8220; text_color=&#8220;dark&#8220; text_align=&#8220;left&#8220; overlay_strength=&#8220;0.3&#8243; shape_divider_position=&#8220;bottom&#8220;][vc_column column_padding=&#8220;no-extra-padding&#8220; column_padding_position=&#8220;all&#8220; background_color_opacity=&#8220;1&#8243; background_hover_color_opacity=&#8220;1&#8243; column_shadow=&#8220;none&#8220; column_border_radius=&#8220;none&#8220; width=&#8220;2\/3&#8243; tablet_text_alignment=&#8220;default&#8220; phone_text_alignment=&#8220;default&#8220; column_border_width=&#8220;none&#8220; column_border_style=&#8220;solid&#8220;]<div class=\"divider-wrap\"><div style=\"height: 20px;\" class=\"divider\"><\/div><\/div>[vc_column_text]\n<h3 class=\"TextA\" style=\"line-height: 120%;\"><span class=\"Ohne\"><span lang=\"DE\">1816<\/span><\/span><\/h3>\n<p class=\"TextA\" style=\"line-height: 120%;\"><span class=\"OhneA\"><span lang=\"DE\"><strong>Franz Schubert<\/strong>, \u201eFischerlied D 351\u201c<\/span><\/span><\/p>\n<audio class=\"wp-audio-shortcode\" id=\"audio-196-1\" preload=\"none\" style=\"width: 100%;\" controls=\"controls\"><source type=\"audio\/mpeg\" src=\"https:\/\/tracingspaces.net\/aufundzu\/wp-content\/uploads\/sites\/10\/2020\/04\/Fischerlied_I.mp3?_=1\" \/><a href=\"https:\/\/tracingspaces.net\/aufundzu\/wp-content\/uploads\/sites\/10\/2020\/04\/Fischerlied_I.mp3\">https:\/\/tracingspaces.net\/aufundzu\/wp-content\/uploads\/sites\/10\/2020\/04\/Fischerlied_I.mp3<\/a><\/audio>\n<ul>\n<li style=\"list-style-type: none;\">Das Fischergewerbe<br \/>\nGibt r\u00fcstigen Mut!<br \/>\nWir haben zum Erbe<br \/>\nDie G\u00fcter der Flut.<br \/>\nWir graben nicht Sch\u00e4tze,<br \/>\nWir pfl\u00fcgen kein Feld;<br \/>\nWir ernten im Netze,<br \/>\nWir angeln uns Geld.<\/li>\n<\/ul>\n[\/vc_column_text][\/vc_column][vc_column column_padding=&#8220;no-extra-padding&#8220; column_padding_position=&#8220;all&#8220; background_color_opacity=&#8220;1&#8243; background_hover_color_opacity=&#8220;1&#8243; column_shadow=&#8220;none&#8220; column_border_radius=&#8220;none&#8220; width=&#8220;1\/3&#8243; tablet_text_alignment=&#8220;default&#8220; phone_text_alignment=&#8220;default&#8220; column_border_width=&#8220;none&#8220; column_border_style=&#8220;solid&#8220;][\/vc_column][\/vc_row][vc_row type=&#8220;in_container&#8220; full_screen_row_position=&#8220;middle&#8220; scene_position=&#8220;center&#8220; text_color=&#8220;dark&#8220; text_align=&#8220;left&#8220; overlay_strength=&#8220;0.3&#8243; shape_divider_position=&#8220;bottom&#8220;][vc_column column_padding=&#8220;no-extra-padding&#8220; column_padding_position=&#8220;all&#8220; background_color_opacity=&#8220;1&#8243; background_hover_color_opacity=&#8220;1&#8243; column_shadow=&#8220;none&#8220; column_border_radius=&#8220;none&#8220; width=&#8220;2\/3&#8243; tablet_text_alignment=&#8220;default&#8220; phone_text_alignment=&#8220;default&#8220; column_border_width=&#8220;none&#8220; column_border_style=&#8220;solid&#8220;]<div class=\"divider-wrap\"><div style=\"height: 20px;\" class=\"divider\"><\/div><\/div>[vc_column_text]\n<h3>1826<\/h3>\n<p><strong>Johann August Krafft: <\/strong>\u201eDer Fischmarckt\u201c, Radierung[\/vc_column_text][\/vc_column][vc_column column_padding=&#8220;no-extra-padding&#8220; column_padding_position=&#8220;all&#8220; background_color_opacity=&#8220;1&#8243; background_hover_color_opacity=&#8220;1&#8243; column_shadow=&#8220;none&#8220; column_border_radius=&#8220;none&#8220; width=&#8220;1\/3&#8243; tablet_text_alignment=&#8220;default&#8220; phone_text_alignment=&#8220;default&#8220; column_border_width=&#8220;none&#8220; column_border_style=&#8220;solid&#8220;][\/vc_column][\/vc_row][vc_row type=&#8220;in_container&#8220; full_screen_row_position=&#8220;middle&#8220; scene_position=&#8220;center&#8220; text_color=&#8220;dark&#8220; text_align=&#8220;left&#8220; overlay_strength=&#8220;0.3&#8243; shape_divider_position=&#8220;bottom&#8220;][vc_column column_padding=&#8220;no-extra-padding&#8220; column_padding_position=&#8220;all&#8220; background_color_opacity=&#8220;1&#8243; background_hover_color_opacity=&#8220;1&#8243; column_shadow=&#8220;none&#8220; column_border_radius=&#8220;none&#8220; width=&#8220;1\/2&#8243; tablet_text_alignment=&#8220;default&#8220; phone_text_alignment=&#8220;default&#8220; column_border_width=&#8220;none&#8220; column_border_style=&#8220;solid&#8220;]<div class=\"img-with-aniamtion-wrap \" data-max-width=\"100%\" data-border-radius=\"none\"><div class=\"inner\"><img loading=\"lazy\" decoding=\"async\" data-shadow=\"none\" data-shadow-direction=\"middle\" class=\"img-with-animation \" data-delay=\"0\" height=\"743\" width=\"1000\" data-animation=\"fade-in\" src=\"https:\/\/tracingspaces.net\/aufundzu\/wp-content\/uploads\/sites\/10\/2020\/04\/Fischmarkt_um_1830_web-1000.jpg\" srcset=\"https:\/\/tracingspaces.net\/aufundzu\/wp-content\/uploads\/sites\/10\/2020\/04\/Fischmarkt_um_1830_web-1000.jpg 1000w, https:\/\/tracingspaces.net\/aufundzu\/wp-content\/uploads\/sites\/10\/2020\/04\/Fischmarkt_um_1830_web-1000-300x223.jpg 300w, https:\/\/tracingspaces.net\/aufundzu\/wp-content\/uploads\/sites\/10\/2020\/04\/Fischmarkt_um_1830_web-1000-768x571.jpg 768w\" sizes=\"auto, 100vw\" alt=\"\" \/><\/div><\/div>[\/vc_column][vc_column column_padding=&#8220;no-extra-padding&#8220; column_padding_position=&#8220;all&#8220; background_color_opacity=&#8220;1&#8243; background_hover_color_opacity=&#8220;1&#8243; column_shadow=&#8220;none&#8220; column_border_radius=&#8220;none&#8220; width=&#8220;1\/2&#8243; tablet_text_alignment=&#8220;default&#8220; phone_text_alignment=&#8220;default&#8220; column_border_width=&#8220;none&#8220; column_border_style=&#8220;solid&#8220;][\/vc_column][\/vc_row][vc_row type=&#8220;in_container&#8220; full_screen_row_position=&#8220;middle&#8220; scene_position=&#8220;center&#8220; text_color=&#8220;dark&#8220; text_align=&#8220;left&#8220; overlay_strength=&#8220;0.3&#8243; shape_divider_position=&#8220;bottom&#8220;][vc_column column_padding=&#8220;no-extra-padding&#8220; column_padding_position=&#8220;all&#8220; background_color_opacity=&#8220;1&#8243; background_hover_color_opacity=&#8220;1&#8243; column_shadow=&#8220;none&#8220; column_border_radius=&#8220;none&#8220; width=&#8220;2\/3&#8243; tablet_text_alignment=&#8220;default&#8220; phone_text_alignment=&#8220;default&#8220; column_border_width=&#8220;none&#8220; column_border_style=&#8220;solid&#8220;][vc_column_text]Quelle: Verlag Artaria, Sammlung Wien Museum. Eingereicht von Martina Nu\u00dfbaumer, Kulturwissenschafterin und Kuratorin, Wien Museum.[\/vc_column_text][\/vc_column][vc_column column_padding=&#8220;no-extra-padding&#8220; column_padding_position=&#8220;all&#8220; background_color_opacity=&#8220;1&#8243; background_hover_color_opacity=&#8220;1&#8243; column_shadow=&#8220;none&#8220; column_border_radius=&#8220;none&#8220; width=&#8220;1\/3&#8243; tablet_text_alignment=&#8220;default&#8220; phone_text_alignment=&#8220;default&#8220; column_border_width=&#8220;none&#8220; column_border_style=&#8220;solid&#8220;][\/vc_column][\/vc_row][vc_row type=&#8220;in_container&#8220; full_screen_row_position=&#8220;middle&#8220; scene_position=&#8220;center&#8220; text_color=&#8220;dark&#8220; text_align=&#8220;left&#8220; overlay_strength=&#8220;0.3&#8243; shape_divider_position=&#8220;bottom&#8220;][vc_column column_padding=&#8220;no-extra-padding&#8220; column_padding_position=&#8220;all&#8220; background_color_opacity=&#8220;1&#8243; background_hover_color_opacity=&#8220;1&#8243; column_shadow=&#8220;none&#8220; column_border_radius=&#8220;none&#8220; width=&#8220;2\/3&#8243; tablet_text_alignment=&#8220;default&#8220; phone_text_alignment=&#8220;default&#8220; column_border_width=&#8220;none&#8220; column_border_style=&#8220;solid&#8220;]<div class=\"divider-wrap\"><div style=\"height: 30px;\" class=\"divider\"><\/div><\/div>[vc_column_text]\n<h3>1874<\/h3>\n<p><strong>Donau-Regulierungs-Commission, Cajetan Felder,<\/strong> \u201ePlan der Donauregulierung bei Wien&#8220;[\/vc_column_text][\/vc_column][vc_column column_padding=&#8220;no-extra-padding&#8220; column_padding_position=&#8220;all&#8220; background_color_opacity=&#8220;1&#8243; background_hover_color_opacity=&#8220;1&#8243; column_shadow=&#8220;none&#8220; column_border_radius=&#8220;none&#8220; width=&#8220;1\/3&#8243; tablet_text_alignment=&#8220;default&#8220; phone_text_alignment=&#8220;default&#8220; column_border_width=&#8220;none&#8220; column_border_style=&#8220;solid&#8220;][\/vc_column][\/vc_row][vc_row type=&#8220;in_container&#8220; full_screen_row_position=&#8220;middle&#8220; scene_position=&#8220;center&#8220; text_color=&#8220;dark&#8220; text_align=&#8220;left&#8220; overlay_strength=&#8220;0.3&#8243; shape_divider_position=&#8220;bottom&#8220;][vc_column column_padding=&#8220;no-extra-padding&#8220; column_padding_position=&#8220;all&#8220; background_color_opacity=&#8220;1&#8243; background_hover_color_opacity=&#8220;1&#8243; column_shadow=&#8220;none&#8220; column_border_radius=&#8220;none&#8220; width=&#8220;1\/1&#8243; tablet_text_alignment=&#8220;default&#8220; phone_text_alignment=&#8220;default&#8220; column_border_width=&#8220;none&#8220; column_border_style=&#8220;solid&#8220;]<div class=\"img-with-aniamtion-wrap \" data-max-width=\"100%\" data-border-radius=\"none\"><div class=\"inner\"><img loading=\"lazy\" decoding=\"async\" data-shadow=\"none\" data-shadow-direction=\"middle\" class=\"img-with-animation \" data-delay=\"0\" height=\"869\" width=\"1600\" data-animation=\"fade-in\" src=\"https:\/\/tracingspaces.net\/aufundzu\/wp-content\/uploads\/sites\/10\/2020\/04\/000Donaureg-Felder-1600px.jpg\" srcset=\"https:\/\/tracingspaces.net\/aufundzu\/wp-content\/uploads\/sites\/10\/2020\/04\/000Donaureg-Felder-1600px.jpg 1600w, https:\/\/tracingspaces.net\/aufundzu\/wp-content\/uploads\/sites\/10\/2020\/04\/000Donaureg-Felder-1600px-300x163.jpg 300w, https:\/\/tracingspaces.net\/aufundzu\/wp-content\/uploads\/sites\/10\/2020\/04\/000Donaureg-Felder-1600px-1024x556.jpg 1024w, https:\/\/tracingspaces.net\/aufundzu\/wp-content\/uploads\/sites\/10\/2020\/04\/000Donaureg-Felder-1600px-768x417.jpg 768w, https:\/\/tracingspaces.net\/aufundzu\/wp-content\/uploads\/sites\/10\/2020\/04\/000Donaureg-Felder-1600px-1536x834.jpg 1536w\" sizes=\"auto, 100vw\" alt=\"\" \/><\/div><\/div>[\/vc_column][\/vc_row][vc_row type=&#8220;in_container&#8220; full_screen_row_position=&#8220;middle&#8220; scene_position=&#8220;center&#8220; text_color=&#8220;dark&#8220; text_align=&#8220;left&#8220; overlay_strength=&#8220;0.3&#8243; shape_divider_position=&#8220;bottom&#8220;][vc_column column_padding=&#8220;no-extra-padding&#8220; column_padding_position=&#8220;all&#8220; background_color_opacity=&#8220;1&#8243; background_hover_color_opacity=&#8220;1&#8243; column_shadow=&#8220;none&#8220; column_border_radius=&#8220;none&#8220; width=&#8220;2\/3&#8243; tablet_text_alignment=&#8220;default&#8220; phone_text_alignment=&#8220;default&#8220; column_border_width=&#8220;none&#8220; column_border_style=&#8220;solid&#8220;]<div class=\"divider-wrap\"><div style=\"height: 10px;\" class=\"divider\"><\/div><\/div>[vc_column_text]Quelle: Felder, Cajetan (1874), <em>Die Gemeinde-Verwaltung der Reichshaupt- und Residenzstadt Wien in den Jahren 1871 bis 1873<\/em>. Bericht des B\u00fcrgermeisters Cajetan Felder vorgelegt dem Gemeinderathe im November 1874. Wien, Abschnitt XIII, o.S.<\/p>\n<ul>\n<li style=\"list-style-type: none;\">&#8222;Als eine der wenigen Gro\u00dfstst\u00e4dte Europas liegt Wien am Oberlauf eines dynamischen Stroms \u2013 ein Strom der im Wiener Becken vor seiner umfassenden Regulierung im 19. und 20. Jahrhundert in unz\u00e4hlige kleine und gr\u00f6\u00dfere Arme verzweigt war und ein sich st\u00e4ndig ver\u00e4nderndes Geflecht von Inseln und Sandb\u00e4nken, Wasser- , Wald- und Wiesenfl\u00e4chen bildete (Hohensinner 2019a). Einerseits unentbehrliche Versorgungsader und wirksamer milit\u00e4rischer Schutz, war die Donau andererseits eine unberechenbare Bedrohung und Barriere f\u00fcr das Stadtwachstum nach Norden und Osten. Immer wieder trat sie \u00fcber die Ufer, \u00fcberschwemmte ausgedehnte Gebiete und erodierte auch besiedeltes Terrain.&#8220;<\/li>\n<\/ul>\n<p>Quelle: Aus der <a href=\"https:\/\/permalink.obvsg.at\/AC15568821\" target=\"_blank\" rel=\"noopener noreferrer\">Dissertation von Friedrich Hauer<\/a>, 2019. Eingereicht von Friedrich Hauer, Stadtforscher und Umwelthistoriker, Wien.[\/vc_column_text][\/vc_column][vc_column column_padding=&#8220;no-extra-padding&#8220; column_padding_position=&#8220;all&#8220; background_color_opacity=&#8220;1&#8243; background_hover_color_opacity=&#8220;1&#8243; column_shadow=&#8220;none&#8220; column_border_radius=&#8220;none&#8220; width=&#8220;1\/3&#8243; tablet_text_alignment=&#8220;default&#8220; phone_text_alignment=&#8220;default&#8220; column_border_width=&#8220;none&#8220; column_border_style=&#8220;solid&#8220;][\/vc_column][\/vc_row][vc_row type=&#8220;in_container&#8220; full_screen_row_position=&#8220;middle&#8220; scene_position=&#8220;center&#8220; text_color=&#8220;dark&#8220; text_align=&#8220;left&#8220; overlay_strength=&#8220;0.3&#8243; shape_divider_position=&#8220;bottom&#8220;][vc_column column_padding=&#8220;no-extra-padding&#8220; column_padding_position=&#8220;all&#8220; background_color_opacity=&#8220;1&#8243; background_hover_color_opacity=&#8220;1&#8243; column_shadow=&#8220;none&#8220; column_border_radius=&#8220;none&#8220; width=&#8220;2\/3&#8243; tablet_text_alignment=&#8220;default&#8220; phone_text_alignment=&#8220;default&#8220; column_border_width=&#8220;none&#8220; column_border_style=&#8220;solid&#8220;]<div class=\"divider-wrap\"><div style=\"height: 30px;\" class=\"divider\"><\/div><\/div>[vc_column_text]\n<h3>1904<\/h3>\n<p><strong>Zentralfischmarkt am Donaukanal<\/strong>[\/vc_column_text][\/vc_column][vc_column column_padding=&#8220;no-extra-padding&#8220; column_padding_position=&#8220;all&#8220; background_color_opacity=&#8220;1&#8243; background_hover_color_opacity=&#8220;1&#8243; column_shadow=&#8220;none&#8220; column_border_radius=&#8220;none&#8220; width=&#8220;1\/3&#8243; tablet_text_alignment=&#8220;default&#8220; phone_text_alignment=&#8220;default&#8220; column_border_width=&#8220;none&#8220; column_border_style=&#8220;solid&#8220;][\/vc_column][\/vc_row][vc_row type=&#8220;in_container&#8220; full_screen_row_position=&#8220;middle&#8220; scene_position=&#8220;center&#8220; text_color=&#8220;dark&#8220; text_align=&#8220;left&#8220; overlay_strength=&#8220;0.3&#8243; shape_divider_position=&#8220;bottom&#8220;][vc_column column_padding=&#8220;no-extra-padding&#8220; column_padding_position=&#8220;all&#8220; background_color_opacity=&#8220;1&#8243; background_hover_color_opacity=&#8220;1&#8243; column_shadow=&#8220;none&#8220; column_border_radius=&#8220;none&#8220; width=&#8220;1\/2&#8243; tablet_text_alignment=&#8220;default&#8220; phone_text_alignment=&#8220;default&#8220; column_border_width=&#8220;none&#8220; column_border_style=&#8220;solid&#8220;]<div class=\"img-with-aniamtion-wrap \" data-max-width=\"100%\" data-border-radius=\"none\"><div class=\"inner\"><img loading=\"lazy\" decoding=\"async\" data-shadow=\"none\" data-shadow-direction=\"middle\" class=\"img-with-animation \" data-delay=\"0\" height=\"638\" width=\"1000\" data-animation=\"fade-in\" src=\"https:\/\/tracingspaces.net\/aufundzu\/wp-content\/uploads\/sites\/10\/2020\/04\/Fischmarkt_nach_1904_web-1000.jpg\" srcset=\"https:\/\/tracingspaces.net\/aufundzu\/wp-content\/uploads\/sites\/10\/2020\/04\/Fischmarkt_nach_1904_web-1000.jpg 1000w, https:\/\/tracingspaces.net\/aufundzu\/wp-content\/uploads\/sites\/10\/2020\/04\/Fischmarkt_nach_1904_web-1000-300x191.jpg 300w, https:\/\/tracingspaces.net\/aufundzu\/wp-content\/uploads\/sites\/10\/2020\/04\/Fischmarkt_nach_1904_web-1000-768x490.jpg 768w\" sizes=\"auto, 100vw\" alt=\"\" \/><\/div><\/div>[\/vc_column][vc_column column_padding=&#8220;no-extra-padding&#8220; column_padding_position=&#8220;all&#8220; background_color_opacity=&#8220;1&#8243; background_hover_color_opacity=&#8220;1&#8243; column_shadow=&#8220;none&#8220; column_border_radius=&#8220;none&#8220; width=&#8220;1\/2&#8243; tablet_text_alignment=&#8220;default&#8220; phone_text_alignment=&#8220;default&#8220; column_border_width=&#8220;none&#8220; column_border_style=&#8220;solid&#8220;][\/vc_column][\/vc_row][vc_row type=&#8220;in_container&#8220; full_screen_row_position=&#8220;middle&#8220; scene_position=&#8220;center&#8220; text_color=&#8220;dark&#8220; text_align=&#8220;left&#8220; overlay_strength=&#8220;0.3&#8243; shape_divider_position=&#8220;bottom&#8220;][vc_column column_padding=&#8220;no-extra-padding&#8220; column_padding_position=&#8220;all&#8220; background_color_opacity=&#8220;1&#8243; background_hover_color_opacity=&#8220;1&#8243; column_shadow=&#8220;none&#8220; column_border_radius=&#8220;none&#8220; width=&#8220;2\/3&#8243; tablet_text_alignment=&#8220;default&#8220; phone_text_alignment=&#8220;default&#8220; column_border_width=&#8220;none&#8220; column_border_style=&#8220;solid&#8220;][vc_column_text]Am Donaukanal oberhalb der heutiegen Salztorbr\u00fccke entstanden zwei Fischverkaufshallen mit zw\u00f6lf Verkaufsst\u00e4nden f\u00fcr Gro\u00dfh\u00e4ndler mit einer zentralen K\u00fchlanlage. Lebend-Fische wurden in Reusen gehalten, die im Donaukanal eingeh\u00e4ngt waren.<\/p>\n<p>Zur gleichen Zeit expandierte auch die Firma Nordsee mit eigenen Verkaufsst\u00e4nden auf den Wiener M\u00e4rkten. 1907 er\u00f6ffnete das Unternehmen am alten Naschmarkt (am Karlsplatz in Verl\u00e4ngerung der Wiedener Hauptstrasse in Richtung K\u00e4rntnertor) einen prachtvoll gestalteten Fischverkaufskiosk. Eingereicht von Michael Hieslmair und Michael Zinganel, Tracing Spaces.[\/vc_column_text][\/vc_column][vc_column column_padding=&#8220;no-extra-padding&#8220; column_padding_position=&#8220;all&#8220; background_color_opacity=&#8220;1&#8243; background_hover_color_opacity=&#8220;1&#8243; column_shadow=&#8220;none&#8220; column_border_radius=&#8220;none&#8220; width=&#8220;1\/3&#8243; tablet_text_alignment=&#8220;default&#8220; phone_text_alignment=&#8220;default&#8220; column_border_width=&#8220;none&#8220; column_border_style=&#8220;solid&#8220;][\/vc_column][\/vc_row][vc_row type=&#8220;in_container&#8220; full_screen_row_position=&#8220;middle&#8220; scene_position=&#8220;center&#8220; text_color=&#8220;dark&#8220; text_align=&#8220;left&#8220; overlay_strength=&#8220;0.3&#8243; shape_divider_position=&#8220;bottom&#8220;][vc_column column_padding=&#8220;no-extra-padding&#8220; column_padding_position=&#8220;all&#8220; background_color_opacity=&#8220;1&#8243; background_hover_color_opacity=&#8220;1&#8243; column_shadow=&#8220;none&#8220; column_border_radius=&#8220;none&#8220; width=&#8220;2\/3&#8243; tablet_text_alignment=&#8220;default&#8220; phone_text_alignment=&#8220;default&#8220; column_border_width=&#8220;none&#8220; column_border_style=&#8220;solid&#8220;]<div class=\"divider-wrap\"><div style=\"height: 30px;\" class=\"divider\"><\/div><\/div>[vc_column_text]\n<h3>1890-1940<\/h3>\n<p><strong>Nordsee, <\/strong>Seefischtransportwagen[\/vc_column_text][\/vc_column][vc_column column_padding=&#8220;no-extra-padding&#8220; column_padding_position=&#8220;all&#8220; background_color_opacity=&#8220;1&#8243; background_hover_color_opacity=&#8220;1&#8243; column_shadow=&#8220;none&#8220; column_border_radius=&#8220;none&#8220; width=&#8220;1\/3&#8243; tablet_text_alignment=&#8220;default&#8220; phone_text_alignment=&#8220;default&#8220; column_border_width=&#8220;none&#8220; column_border_style=&#8220;solid&#8220;][\/vc_column][\/vc_row][vc_row type=&#8220;in_container&#8220; full_screen_row_position=&#8220;middle&#8220; scene_position=&#8220;center&#8220; text_color=&#8220;dark&#8220; text_align=&#8220;left&#8220; overlay_strength=&#8220;0.3&#8243; shape_divider_position=&#8220;bottom&#8220;][vc_column column_padding=&#8220;no-extra-padding&#8220; column_padding_position=&#8220;all&#8220; background_color_opacity=&#8220;1&#8243; background_hover_color_opacity=&#8220;1&#8243; column_shadow=&#8220;none&#8220; column_border_radius=&#8220;none&#8220; width=&#8220;2\/3&#8243; tablet_text_alignment=&#8220;default&#8220; phone_text_alignment=&#8220;default&#8220; column_border_width=&#8220;none&#8220; column_border_style=&#8220;solid&#8220;]<div class=\"img-with-aniamtion-wrap \" data-max-width=\"100%\" data-border-radius=\"none\"><div class=\"inner\"><img loading=\"lazy\" decoding=\"async\" data-shadow=\"none\" data-shadow-direction=\"middle\" class=\"img-with-animation \" data-delay=\"0\" height=\"750\" width=\"1000\" data-animation=\"fade-in\" src=\"https:\/\/tracingspaces.net\/aufundzu\/wp-content\/uploads\/sites\/10\/2020\/04\/nordsee-wagon_web-1000.jpg\" srcset=\"https:\/\/tracingspaces.net\/aufundzu\/wp-content\/uploads\/sites\/10\/2020\/04\/nordsee-wagon_web-1000.jpg 1000w, https:\/\/tracingspaces.net\/aufundzu\/wp-content\/uploads\/sites\/10\/2020\/04\/nordsee-wagon_web-1000-300x225.jpg 300w, https:\/\/tracingspaces.net\/aufundzu\/wp-content\/uploads\/sites\/10\/2020\/04\/nordsee-wagon_web-1000-768x576.jpg 768w\" sizes=\"auto, 100vw\" alt=\"\" \/><\/div><\/div>[\/vc_column][vc_column column_padding=&#8220;no-extra-padding&#8220; column_padding_position=&#8220;all&#8220; background_color_opacity=&#8220;1&#8243; background_hover_color_opacity=&#8220;1&#8243; column_shadow=&#8220;none&#8220; column_border_radius=&#8220;none&#8220; width=&#8220;1\/3&#8243; tablet_text_alignment=&#8220;default&#8220; phone_text_alignment=&#8220;default&#8220; column_border_width=&#8220;none&#8220; column_border_style=&#8220;solid&#8220;][\/vc_column][\/vc_row][vc_row type=&#8220;in_container&#8220; full_screen_row_position=&#8220;middle&#8220; scene_position=&#8220;center&#8220; text_color=&#8220;dark&#8220; text_align=&#8220;left&#8220; overlay_strength=&#8220;0.3&#8243; shape_divider_position=&#8220;bottom&#8220;][vc_column column_padding=&#8220;no-extra-padding&#8220; column_padding_position=&#8220;all&#8220; background_color_opacity=&#8220;1&#8243; background_hover_color_opacity=&#8220;1&#8243; column_shadow=&#8220;none&#8220; column_border_radius=&#8220;none&#8220; width=&#8220;2\/3&#8243; tablet_text_alignment=&#8220;default&#8220; phone_text_alignment=&#8220;default&#8220; column_border_width=&#8220;none&#8220; column_border_style=&#8220;solid&#8220;][vc_column_text]Spezieller K\u00fchlwaggon f\u00fcr den Seefischtransport, wie sie von der Firma Nordsee auf der Strecke von von Bremerhafen zum Wiener Nordwestbahnof eingesetzt wurden, auf dem das Unternehmen 1920 eine Fischfabrik errichten liess, die bis in die 1980er Jahre in Betrieb war.<\/p>\n<p>Quelle: Minitrix\u00a0 N51322200 Modelleisenbahn. Eingereicht von Michael Hieslmair, Tracing Spaces.[\/vc_column_text][\/vc_column][vc_column column_padding=&#8220;no-extra-padding&#8220; column_padding_position=&#8220;all&#8220; background_color_opacity=&#8220;1&#8243; background_hover_color_opacity=&#8220;1&#8243; column_shadow=&#8220;none&#8220; column_border_radius=&#8220;none&#8220; width=&#8220;1\/3&#8243; tablet_text_alignment=&#8220;default&#8220; phone_text_alignment=&#8220;default&#8220; column_border_width=&#8220;none&#8220; column_border_style=&#8220;solid&#8220;][\/vc_column][\/vc_row][vc_row type=&#8220;in_container&#8220; full_screen_row_position=&#8220;middle&#8220; scene_position=&#8220;center&#8220; text_color=&#8220;dark&#8220; text_align=&#8220;left&#8220; overlay_strength=&#8220;0.3&#8243; shape_divider_position=&#8220;bottom&#8220;][vc_column column_padding=&#8220;no-extra-padding&#8220; column_padding_position=&#8220;all&#8220; background_color_opacity=&#8220;1&#8243; background_hover_color_opacity=&#8220;1&#8243; column_shadow=&#8220;none&#8220; column_border_radius=&#8220;none&#8220; width=&#8220;2\/3&#8243; tablet_text_alignment=&#8220;default&#8220; phone_text_alignment=&#8220;default&#8220; column_border_width=&#8220;none&#8220; column_border_style=&#8220;solid&#8220;]<div class=\"divider-wrap\"><div style=\"height: 30px;\" class=\"divider\"><\/div><\/div>[vc_column_text]\n<h3>1957<\/h3>\n<p><strong>\u00d6sterreichischer Gewerkschaftsbund<\/strong>, &#8222;Werde Mitglied deiner Gewerkschaft&#8220;[\/vc_column_text][\/vc_column][vc_column column_padding=&#8220;no-extra-padding&#8220; column_padding_position=&#8220;all&#8220; background_color_opacity=&#8220;1&#8243; background_hover_color_opacity=&#8220;1&#8243; column_shadow=&#8220;none&#8220; column_border_radius=&#8220;none&#8220; width=&#8220;1\/3&#8243; tablet_text_alignment=&#8220;default&#8220; phone_text_alignment=&#8220;default&#8220; column_border_width=&#8220;none&#8220; column_border_style=&#8220;solid&#8220;][\/vc_column][\/vc_row][vc_row type=&#8220;in_container&#8220; full_screen_row_position=&#8220;middle&#8220; scene_position=&#8220;center&#8220; text_color=&#8220;dark&#8220; text_align=&#8220;left&#8220; overlay_strength=&#8220;0.3&#8243; shape_divider_position=&#8220;bottom&#8220;][vc_column column_padding=&#8220;no-extra-padding&#8220; column_padding_position=&#8220;all&#8220; background_color_opacity=&#8220;1&#8243; background_hover_color_opacity=&#8220;1&#8243; column_shadow=&#8220;none&#8220; column_border_radius=&#8220;none&#8220; width=&#8220;1\/2&#8243; tablet_text_alignment=&#8220;default&#8220; phone_text_alignment=&#8220;default&#8220; column_border_width=&#8220;none&#8220; column_border_style=&#8220;solid&#8220;]<div class=\"img-with-aniamtion-wrap \" data-max-width=\"100%\" data-border-radius=\"none\"><div class=\"inner\"><img loading=\"lazy\" decoding=\"async\" data-shadow=\"none\" data-shadow-direction=\"middle\" class=\"img-with-animation \" data-delay=\"0\" height=\"720\" width=\"1000\" data-animation=\"fade-in\" src=\"https:\/\/tracingspaces.net\/aufundzu\/wp-content\/uploads\/sites\/10\/2020\/04\/plakat-oegb-1957_web-1000.jpg\" srcset=\"https:\/\/tracingspaces.net\/aufundzu\/wp-content\/uploads\/sites\/10\/2020\/04\/plakat-oegb-1957_web-1000.jpg 1000w, https:\/\/tracingspaces.net\/aufundzu\/wp-content\/uploads\/sites\/10\/2020\/04\/plakat-oegb-1957_web-1000-300x216.jpg 300w, https:\/\/tracingspaces.net\/aufundzu\/wp-content\/uploads\/sites\/10\/2020\/04\/plakat-oegb-1957_web-1000-768x553.jpg 768w\" sizes=\"auto, 100vw\" alt=\"\" \/><\/div><\/div>[\/vc_column][vc_column column_padding=&#8220;no-extra-padding&#8220; column_padding_position=&#8220;all&#8220; background_color_opacity=&#8220;1&#8243; background_hover_color_opacity=&#8220;1&#8243; column_shadow=&#8220;none&#8220; column_border_radius=&#8220;none&#8220; width=&#8220;1\/2&#8243; tablet_text_alignment=&#8220;default&#8220; phone_text_alignment=&#8220;default&#8220; column_border_width=&#8220;none&#8220; column_border_style=&#8220;solid&#8220;][\/vc_column][\/vc_row][vc_row type=&#8220;in_container&#8220; full_screen_row_position=&#8220;middle&#8220; scene_position=&#8220;center&#8220; text_color=&#8220;dark&#8220; text_align=&#8220;left&#8220; overlay_strength=&#8220;0.3&#8243; shape_divider_position=&#8220;bottom&#8220;][vc_column column_padding=&#8220;no-extra-padding&#8220; column_padding_position=&#8220;all&#8220; background_color_opacity=&#8220;1&#8243; background_hover_color_opacity=&#8220;1&#8243; column_shadow=&#8220;none&#8220; column_border_radius=&#8220;none&#8220; width=&#8220;2\/3&#8243; tablet_text_alignment=&#8220;default&#8220; phone_text_alignment=&#8220;default&#8220; column_border_width=&#8220;none&#8220; column_border_style=&#8220;solid&#8220;]<div class=\"divider-wrap\"><div style=\"height: 20px;\" class=\"divider\"><\/div><\/div>[vc_column_text]Fische kommen auch in politischen Kampagnen zum Einsatz: z.B. um die Notwendigkeit gemeinsamer Anstrengungen im politschen Kampf zu betonen, als Warnung, dass andernfalls die Gro\u00dfen die Kleinen fressen, oder auch um \u2013 positiv besetzt \u2013 die eigene &#8222;Wendigkeit zu betonen oder \u2013 negativ besetzt \u2013 die Schl\u00fcpfrigkeit des politischen Gegners hervorzuheben.<\/p>\n<p>Quelle: Bildarchiv der Nationalbibliothek. Eingereicht von Tracing Spaces.[\/vc_column_text][\/vc_column][vc_column column_padding=&#8220;no-extra-padding&#8220; column_padding_position=&#8220;all&#8220; background_color_opacity=&#8220;1&#8243; background_hover_color_opacity=&#8220;1&#8243; column_shadow=&#8220;none&#8220; column_border_radius=&#8220;none&#8220; width=&#8220;1\/3&#8243; tablet_text_alignment=&#8220;default&#8220; phone_text_alignment=&#8220;default&#8220; column_border_width=&#8220;none&#8220; column_border_style=&#8220;solid&#8220;][\/vc_column][\/vc_row][vc_row type=&#8220;in_container&#8220; full_screen_row_position=&#8220;middle&#8220; scene_position=&#8220;center&#8220; text_color=&#8220;dark&#8220; text_align=&#8220;left&#8220; overlay_strength=&#8220;0.3&#8243; shape_divider_position=&#8220;bottom&#8220;][vc_column column_padding=&#8220;no-extra-padding&#8220; column_padding_position=&#8220;all&#8220; background_color_opacity=&#8220;1&#8243; background_hover_color_opacity=&#8220;1&#8243; column_shadow=&#8220;none&#8220; column_border_radius=&#8220;none&#8220; width=&#8220;2\/3&#8243; tablet_text_alignment=&#8220;default&#8220; phone_text_alignment=&#8220;default&#8220; column_border_width=&#8220;none&#8220; column_border_style=&#8220;solid&#8220;]<div class=\"divider-wrap\"><div style=\"height: 30px;\" class=\"divider\"><\/div><\/div>[vc_column_text]\n<h3>1970er<\/h3>\n<p><strong>Iglo,<\/strong> Fischst\u00e4bchen-Fabrik Bremerhaven[\/vc_column_text][\/vc_column][vc_column column_padding=&#8220;no-extra-padding&#8220; column_padding_position=&#8220;all&#8220; background_color_opacity=&#8220;1&#8243; background_hover_color_opacity=&#8220;1&#8243; column_shadow=&#8220;none&#8220; column_border_radius=&#8220;none&#8220; width=&#8220;1\/3&#8243; tablet_text_alignment=&#8220;default&#8220; phone_text_alignment=&#8220;default&#8220; column_border_width=&#8220;none&#8220; column_border_style=&#8220;solid&#8220;][\/vc_column][\/vc_row][vc_row type=&#8220;in_container&#8220; full_screen_row_position=&#8220;middle&#8220; scene_position=&#8220;center&#8220; text_color=&#8220;dark&#8220; text_align=&#8220;left&#8220; overlay_strength=&#8220;0.3&#8243; shape_divider_position=&#8220;bottom&#8220;][vc_column column_padding=&#8220;no-extra-padding&#8220; column_padding_position=&#8220;all&#8220; background_color_opacity=&#8220;1&#8243; background_hover_color_opacity=&#8220;1&#8243; column_shadow=&#8220;none&#8220; column_border_radius=&#8220;none&#8220; width=&#8220;1\/2&#8243; tablet_text_alignment=&#8220;default&#8220; phone_text_alignment=&#8220;default&#8220; column_border_width=&#8220;none&#8220; column_border_style=&#8220;solid&#8220;]<div class=\"img-with-aniamtion-wrap \" data-max-width=\"100%\" data-border-radius=\"none\"><div class=\"inner\"><img loading=\"lazy\" decoding=\"async\" data-shadow=\"none\" data-shadow-direction=\"middle\" class=\"img-with-animation \" data-delay=\"0\" height=\"990\" width=\"1000\" data-animation=\"fade-in\" src=\"https:\/\/tracingspaces.net\/aufundzu\/wp-content\/uploads\/sites\/10\/2020\/04\/fischstaebchen-001_web-1000.jpg\" srcset=\"https:\/\/tracingspaces.net\/aufundzu\/wp-content\/uploads\/sites\/10\/2020\/04\/fischstaebchen-001_web-1000.jpg 1000w, https:\/\/tracingspaces.net\/aufundzu\/wp-content\/uploads\/sites\/10\/2020\/04\/fischstaebchen-001_web-1000-300x297.jpg 300w, https:\/\/tracingspaces.net\/aufundzu\/wp-content\/uploads\/sites\/10\/2020\/04\/fischstaebchen-001_web-1000-150x150.jpg 150w, https:\/\/tracingspaces.net\/aufundzu\/wp-content\/uploads\/sites\/10\/2020\/04\/fischstaebchen-001_web-1000-768x760.jpg 768w, https:\/\/tracingspaces.net\/aufundzu\/wp-content\/uploads\/sites\/10\/2020\/04\/fischstaebchen-001_web-1000-100x100.jpg 100w, https:\/\/tracingspaces.net\/aufundzu\/wp-content\/uploads\/sites\/10\/2020\/04\/fischstaebchen-001_web-1000-140x140.jpg 140w\" sizes=\"auto, 100vw\" alt=\"\" \/><\/div><\/div>[\/vc_column][vc_column column_padding=&#8220;no-extra-padding&#8220; column_padding_position=&#8220;all&#8220; background_color_opacity=&#8220;1&#8243; background_hover_color_opacity=&#8220;1&#8243; column_shadow=&#8220;none&#8220; column_border_radius=&#8220;none&#8220; width=&#8220;1\/2&#8243; tablet_text_alignment=&#8220;default&#8220; phone_text_alignment=&#8220;default&#8220; column_border_width=&#8220;none&#8220; column_border_style=&#8220;solid&#8220;][\/vc_column][\/vc_row][vc_row type=&#8220;in_container&#8220; full_screen_row_position=&#8220;middle&#8220; scene_position=&#8220;center&#8220; text_color=&#8220;dark&#8220; text_align=&#8220;left&#8220; overlay_strength=&#8220;0.3&#8243; shape_divider_position=&#8220;bottom&#8220;][vc_column column_padding=&#8220;no-extra-padding&#8220; column_padding_position=&#8220;all&#8220; background_color_opacity=&#8220;1&#8243; background_hover_color_opacity=&#8220;1&#8243; column_shadow=&#8220;none&#8220; column_border_radius=&#8220;none&#8220; width=&#8220;2\/3&#8243; tablet_text_alignment=&#8220;default&#8220; phone_text_alignment=&#8220;default&#8220; column_border_width=&#8220;none&#8220; column_border_style=&#8220;solid&#8220;][vc_column_text]Gepresste Fischfilets werden zu gro\u00dfen Eisbl\u00f6cken tiefgefroren, in immer kleinere Bl\u00f6cke zerschnitten, bis sie schlie\u00dflich in der Gr\u00f6\u00dfe eines Fischst\u00e4bchen paniert, fritiert und wiederum tielgek\u00fchlt werden.<\/p>\n<ul>\n<li style=\"list-style-type: none;\">Mehr als 3.500 Tonnen Fischst\u00e4bchen pro Jahr finden den Weg auf unsere Teller und machen es zum beliebtesten Tiefk\u00fchlfischgericht \u00d6sterreichs. Die Idee zum Fischst\u00e4bchen entstand aber eigentlich aus der Not. Denn Mitte der 1950er Jahre war der Fleischhunger in Gro\u00dfbrittannien extrem gro\u00df \u2013 aber kaum zu stillen. Fisch gab es damals hingegen im \u00dcberfluss. Fisch wurde daher auch als alternative gesunde Nahrung \u2013 vor allem f\u00fcr Kinder \u2013 propagiert. Um Kindern das Essen von Fisch auch schmackhaft zu machen, kam die Idee, panierten Fisch in St\u00e4bchenform auf den Markt zu bringen.<\/li>\n<\/ul>\n<p>Quelle: Iglo \u00d6sterreich, Pressematerialien anl\u00e4sslich der 60 Jahr Feier 2019. Eingereicht von Tracing Spaces.[\/vc_column_text][\/vc_column][vc_column column_padding=&#8220;no-extra-padding&#8220; column_padding_position=&#8220;all&#8220; background_color_opacity=&#8220;1&#8243; background_hover_color_opacity=&#8220;1&#8243; column_shadow=&#8220;none&#8220; column_border_radius=&#8220;none&#8220; width=&#8220;1\/3&#8243; tablet_text_alignment=&#8220;default&#8220; phone_text_alignment=&#8220;default&#8220; column_border_width=&#8220;none&#8220; column_border_style=&#8220;solid&#8220;][\/vc_column][\/vc_row][vc_row type=&#8220;in_container&#8220; full_screen_row_position=&#8220;middle&#8220; scene_position=&#8220;center&#8220; text_color=&#8220;dark&#8220; text_align=&#8220;left&#8220; overlay_strength=&#8220;0.3&#8243; shape_divider_position=&#8220;bottom&#8220;][vc_column column_padding=&#8220;no-extra-padding&#8220; column_padding_position=&#8220;all&#8220; background_color_opacity=&#8220;1&#8243; background_hover_color_opacity=&#8220;1&#8243; column_shadow=&#8220;none&#8220; column_border_radius=&#8220;none&#8220; width=&#8220;2\/3&#8243; tablet_text_alignment=&#8220;default&#8220; phone_text_alignment=&#8220;default&#8220; column_border_width=&#8220;none&#8220; column_border_style=&#8220;solid&#8220;]<div class=\"divider-wrap\"><div style=\"height: 30px;\" class=\"divider\"><\/div><\/div>[vc_column_text]\n<h3>1980er<\/h3>\n<p><strong>Fischfabrik Warhanek,\u00a0<\/strong>Frauenarbeitsmigration \u2013 Besch\u00e4ftigung ans\u00e4ssiger statt angeworbener Migrantinnen[\/vc_column_text][\/vc_column][vc_column column_padding=&#8220;no-extra-padding&#8220; column_padding_position=&#8220;all&#8220; background_color_opacity=&#8220;1&#8243; background_hover_color_opacity=&#8220;1&#8243; column_shadow=&#8220;none&#8220; column_border_radius=&#8220;none&#8220; width=&#8220;1\/3&#8243; tablet_text_alignment=&#8220;default&#8220; phone_text_alignment=&#8220;default&#8220; column_border_width=&#8220;none&#8220; column_border_style=&#8220;solid&#8220;][\/vc_column][\/vc_row][vc_row type=&#8220;in_container&#8220; full_screen_row_position=&#8220;middle&#8220; scene_position=&#8220;center&#8220; text_color=&#8220;dark&#8220; text_align=&#8220;left&#8220; overlay_strength=&#8220;0.3&#8243; shape_divider_position=&#8220;bottom&#8220;][vc_column column_padding=&#8220;no-extra-padding&#8220; column_padding_position=&#8220;all&#8220; background_color_opacity=&#8220;1&#8243; background_hover_color_opacity=&#8220;1&#8243; column_shadow=&#8220;none&#8220; column_border_radius=&#8220;none&#8220; width=&#8220;1\/2&#8243; tablet_text_alignment=&#8220;default&#8220; phone_text_alignment=&#8220;default&#8220; column_border_width=&#8220;none&#8220; column_border_style=&#8220;solid&#8220;]<div class=\"img-with-aniamtion-wrap \" data-max-width=\"100%\" data-border-radius=\"none\"><div class=\"inner\"><img loading=\"lazy\" decoding=\"async\" data-shadow=\"none\" data-shadow-direction=\"middle\" class=\"img-with-animation \" data-delay=\"0\" height=\"674\" width=\"1000\" data-animation=\"fade-in\" src=\"https:\/\/tracingspaces.net\/aufundzu\/wp-content\/uploads\/sites\/10\/2020\/04\/warhanek_web-1000.jpg\" srcset=\"https:\/\/tracingspaces.net\/aufundzu\/wp-content\/uploads\/sites\/10\/2020\/04\/warhanek_web-1000.jpg 1000w, https:\/\/tracingspaces.net\/aufundzu\/wp-content\/uploads\/sites\/10\/2020\/04\/warhanek_web-1000-300x202.jpg 300w, https:\/\/tracingspaces.net\/aufundzu\/wp-content\/uploads\/sites\/10\/2020\/04\/warhanek_web-1000-768x518.jpg 768w, https:\/\/tracingspaces.net\/aufundzu\/wp-content\/uploads\/sites\/10\/2020\/04\/warhanek_web-1000-600x403.jpg 600w, https:\/\/tracingspaces.net\/aufundzu\/wp-content\/uploads\/sites\/10\/2020\/04\/warhanek_web-1000-400x269.jpg 400w\" sizes=\"auto, 100vw\" alt=\"\" \/><\/div><\/div>[\/vc_column][vc_column column_padding=&#8220;no-extra-padding&#8220; column_padding_position=&#8220;all&#8220; background_color_opacity=&#8220;1&#8243; background_hover_color_opacity=&#8220;1&#8243; column_shadow=&#8220;none&#8220; column_border_radius=&#8220;none&#8220; width=&#8220;1\/2&#8243; tablet_text_alignment=&#8220;default&#8220; phone_text_alignment=&#8220;default&#8220; column_border_width=&#8220;none&#8220; column_border_style=&#8220;solid&#8220;][\/vc_column][\/vc_row][vc_row type=&#8220;in_container&#8220; full_screen_row_position=&#8220;middle&#8220; scene_position=&#8220;center&#8220; text_color=&#8220;dark&#8220; text_align=&#8220;left&#8220; overlay_strength=&#8220;0.3&#8243; shape_divider_position=&#8220;bottom&#8220;][vc_column column_padding=&#8220;no-extra-padding&#8220; column_padding_position=&#8220;all&#8220; background_color_opacity=&#8220;1&#8243; background_hover_color_opacity=&#8220;1&#8243; column_shadow=&#8220;none&#8220; column_border_radius=&#8220;none&#8220; width=&#8220;2\/3&#8243; tablet_text_alignment=&#8220;default&#8220; phone_text_alignment=&#8220;default&#8220; column_border_width=&#8220;none&#8220; column_border_style=&#8220;solid&#8220;]<div class=\"divider-wrap\"><div  class=\"divider\"><\/div><\/div>[vc_column_text]Fischfabriken, traditionell Orte feminisierter Arbeit, werden in Wien ab Mitte der 60er Jahre mit dem Beginn der Anwerbung von &#8222;Gastarbeiterinnen&#8220; zunehmend \u201eethnisiert\u201c. Am Beispiel der Wiener Fischfabrik C. Warhanek lassen sich die Ver\u00e4nderungen in der Besch\u00e4ftigungspolitik des Unternehmens nachvollziehen und Einblicke in die bislang wenig beachteten Geschichten der Arbeitsmigration von Frauen nach \u00d6sterreich gewinnen:<\/p>\n<audio class=\"wp-audio-shortcode\" id=\"audio-196-2\" preload=\"none\" style=\"width: 100%;\" controls=\"controls\"><source type=\"audio\/mpeg\" src=\"https:\/\/tracingspaces.net\/aufundzu\/wp-content\/uploads\/sites\/10\/2020\/04\/fischfabrik-warhanek.mp3?_=2\" \/><a href=\"https:\/\/tracingspaces.net\/aufundzu\/wp-content\/uploads\/sites\/10\/2020\/04\/fischfabrik-warhanek.mp3\">https:\/\/tracingspaces.net\/aufundzu\/wp-content\/uploads\/sites\/10\/2020\/04\/fischfabrik-warhanek.mp3<\/a><\/audio>\n<p>Foto: Privatarchiv Cvijeta <span class=\"st\">Bojanovi\u0107<\/span>. Quelle: Gastarbajteri Station Fischfabrik C. Warhanek, Autorin und Kuratorin der Station: Vida Bakondy. Copyright: gastarbajteri. 40 Jahre Arbeitsmigration, 2004 Initiative Minderheiten \/ Wien Museum:\u00a0 <a href=\"http:\/\/www.gastarbajteri.at\" target=\"_blank\" rel=\"noopener noreferrer\">www.gastarbajteri.at<\/a>. Eingereicht von Vida Bakondy, Migrationsforscherin, \u00d6sterreichische Akademie der Wissenschaften, Wien.[\/vc_column_text][\/vc_column][vc_column column_padding=&#8220;no-extra-padding&#8220; column_padding_position=&#8220;all&#8220; background_color_opacity=&#8220;1&#8243; background_hover_color_opacity=&#8220;1&#8243; column_shadow=&#8220;none&#8220; column_border_radius=&#8220;none&#8220; width=&#8220;1\/3&#8243; tablet_text_alignment=&#8220;default&#8220; phone_text_alignment=&#8220;default&#8220; column_border_width=&#8220;none&#8220; column_border_style=&#8220;solid&#8220;][\/vc_column][\/vc_row][vc_row type=&#8220;in_container&#8220; full_screen_row_position=&#8220;middle&#8220; scene_position=&#8220;center&#8220; text_color=&#8220;dark&#8220; text_align=&#8220;left&#8220; overlay_strength=&#8220;0.3&#8243; shape_divider_position=&#8220;bottom&#8220;][vc_column column_padding=&#8220;no-extra-padding&#8220; column_padding_position=&#8220;all&#8220; background_color_opacity=&#8220;1&#8243; background_hover_color_opacity=&#8220;1&#8243; column_shadow=&#8220;none&#8220; column_border_radius=&#8220;none&#8220; width=&#8220;2\/3&#8243; tablet_text_alignment=&#8220;default&#8220; phone_text_alignment=&#8220;default&#8220; column_border_width=&#8220;none&#8220; column_border_style=&#8220;solid&#8220;]<div class=\"divider-wrap\"><div style=\"height: 30px;\" class=\"divider\"><\/div><\/div>[vc_column_text]\n<h3>2015<\/h3>\n<p><strong>Protestlied einer isl\u00e4ndischen Fischfabriksarbeiterin, <\/strong><span class=\"style-scope yt-formatted-string\" dir=\"auto\">Text und Gesang: J\u00f3n\u00edna Bj\u00f6rg Magn\u00fasd\u00f3ttir<\/span><\/p>\n<audio class=\"wp-audio-shortcode\" id=\"audio-196-3\" preload=\"none\" style=\"width: 100%;\" controls=\"controls\"><source type=\"audio\/mpeg\" src=\"https:\/\/tracingspaces.net\/aufundzu\/wp-content\/uploads\/sites\/10\/2020\/04\/JoninaBj\u00f6rgMagnusdottir_SVEIATTAN.mp3?_=3\" \/><a href=\"https:\/\/tracingspaces.net\/aufundzu\/wp-content\/uploads\/sites\/10\/2020\/04\/JoninaBj\u00f6rgMagnusdottir_SVEIATTAN.mp3\">https:\/\/tracingspaces.net\/aufundzu\/wp-content\/uploads\/sites\/10\/2020\/04\/JoninaBj\u00f6rgMagnusdottir_SVEIATTAN.mp3<\/a><\/audio>\n<p>Zum Kontext: Das Gehalt von Fischfabriksarbeiterinnen deckte 2015 nicht einmal das von den offiziellen Beh\u00f6rden vorgegebene Minimum an Lebenshaltungskosten. Der regul\u00e4re Lohn mit Bonus betrug 260.000 kr. Der Gewinn der Fischerei betr\u00e4gt 40-60 Milliarden kr. pro Jahr. Die Dividenden belaufen sich auf 6-12 Milliarden kr. pro Jahr. Wenn 500 Menschen an Land f\u00fcr HB-Grandi arbeiten, w\u00fcrde eine Lohnerh\u00f6hung um 50.000 Kr. pro Monat das Unternehmen etwa 300 Millionen pro Jahr kosten. Diese Loherh\u00f6hung verweigerte das Unternehmen, weil es die Dividenden an die Firmeneigent\u00fcmer nicht von 2,7 Milliarden auf 2,4 Milliarden senken wollte. Quelle: <a href=\"https:\/\/youtu.be\/dJZwNk0n3S4\" target=\"_blank\" rel=\"noopener noreferrer\">Musik-Video auf YouTube<\/a>.<\/p>\n<p>Eingereicht von Matth\u00e4us B\u00e4r[\/vc_column_text][\/vc_column][vc_column column_padding=&#8220;no-extra-padding&#8220; column_padding_position=&#8220;all&#8220; background_color_opacity=&#8220;1&#8243; background_hover_color_opacity=&#8220;1&#8243; column_shadow=&#8220;none&#8220; column_border_radius=&#8220;none&#8220; width=&#8220;1\/3&#8243; tablet_text_alignment=&#8220;default&#8220; phone_text_alignment=&#8220;default&#8220; column_border_width=&#8220;none&#8220; column_border_style=&#8220;solid&#8220;][\/vc_column][\/vc_row][vc_row type=&#8220;in_container&#8220; full_screen_row_position=&#8220;middle&#8220; scene_position=&#8220;center&#8220; text_color=&#8220;dark&#8220; text_align=&#8220;left&#8220; overlay_strength=&#8220;0.3&#8243; shape_divider_position=&#8220;bottom&#8220;][vc_column column_padding=&#8220;no-extra-padding&#8220; column_padding_position=&#8220;all&#8220; background_color_opacity=&#8220;1&#8243; background_hover_color_opacity=&#8220;1&#8243; column_shadow=&#8220;none&#8220; column_border_radius=&#8220;none&#8220; width=&#8220;2\/3&#8243; tablet_text_alignment=&#8220;default&#8220; phone_text_alignment=&#8220;default&#8220; column_border_width=&#8220;none&#8220; column_border_style=&#8220;solid&#8220;]<div class=\"divider-wrap\"><div style=\"height: 30px;\" class=\"divider\"><\/div><\/div>[vc_column_text]\n<h3>2019<\/h3>\n<p><strong>Wien Museum,<\/strong> &#8222;Der Wal ist gerettet!&#8220;[\/vc_column_text]<div class=\"divider-wrap\"><div style=\"height: 20px;\" class=\"divider\"><\/div><\/div><div class=\"img-with-aniamtion-wrap \" data-max-width=\"100%\" data-border-radius=\"none\"><div class=\"inner\"><img loading=\"lazy\" decoding=\"async\" data-shadow=\"none\" data-shadow-direction=\"middle\" class=\"img-with-animation \" data-delay=\"0\" height=\"610\" width=\"1110\" data-animation=\"fade-in\" src=\"https:\/\/tracingspaces.net\/aufundzu\/wp-content\/uploads\/sites\/10\/2020\/04\/walfisch-wien-museum_web-1000.jpg\" srcset=\"https:\/\/tracingspaces.net\/aufundzu\/wp-content\/uploads\/sites\/10\/2020\/04\/walfisch-wien-museum_web-1000.jpg 1110w, https:\/\/tracingspaces.net\/aufundzu\/wp-content\/uploads\/sites\/10\/2020\/04\/walfisch-wien-museum_web-1000-300x165.jpg 300w, https:\/\/tracingspaces.net\/aufundzu\/wp-content\/uploads\/sites\/10\/2020\/04\/walfisch-wien-museum_web-1000-1024x563.jpg 1024w, https:\/\/tracingspaces.net\/aufundzu\/wp-content\/uploads\/sites\/10\/2020\/04\/walfisch-wien-museum_web-1000-768x422.jpg 768w\" sizes=\"auto, 100vw\" alt=\"\" \/><\/div><\/div><div class=\"divider-wrap\"><div style=\"height: 20px;\" class=\"divider\"><\/div><\/div>[vc_column_text]Der legend\u00e4re Walfisch aus dem Prater wurde 2013 vor der Zerst\u00f6rung bewahrt und drei Jahre sp\u00e4ter dem Wien Museum \u00fcbergeben. Nach einer aufw\u00e4ndigen Restaurierung wartet er im Depot auf seinen gro\u00dfen Auftritt in der Dauerausstellung des neuen Wien Museums.<\/p>\n<p>Einige Aspekte zur Geschichte des Walfisches sowie seiner Restaurierung sind im\u00a0<a href=\"https:\/\/magazin.wienmuseum.at\/der-walfisch-aus-dem-prater\" target=\"_blank\" rel=\"noopener noreferrer\">Wien Museum Online-Magazin<\/a> in Form eines Videobeitrags (16min) pr\u00e4sentiert, vorgestellt von der Restauratorin Regula K\u00fcnzli. Eingereicht von Michael Werner Schwarz, Kurator, Wien Museum.[\/vc_column_text][\/vc_column][vc_column column_padding=&#8220;no-extra-padding&#8220; column_padding_position=&#8220;all&#8220; background_color_opacity=&#8220;1&#8243; background_hover_color_opacity=&#8220;1&#8243; column_shadow=&#8220;none&#8220; column_border_radius=&#8220;none&#8220; width=&#8220;1\/3&#8243; tablet_text_alignment=&#8220;default&#8220; phone_text_alignment=&#8220;default&#8220; column_border_width=&#8220;none&#8220; column_border_style=&#8220;solid&#8220;][\/vc_column][\/vc_row][vc_row type=&#8220;in_container&#8220; full_screen_row_position=&#8220;middle&#8220; scene_position=&#8220;center&#8220; text_color=&#8220;dark&#8220; text_align=&#8220;left&#8220; overlay_strength=&#8220;0.3&#8243; shape_divider_position=&#8220;bottom&#8220;][vc_column column_padding=&#8220;no-extra-padding&#8220; column_padding_position=&#8220;all&#8220; background_color_opacity=&#8220;1&#8243; background_hover_color_opacity=&#8220;1&#8243; column_shadow=&#8220;none&#8220; column_border_radius=&#8220;none&#8220; width=&#8220;2\/3&#8243; tablet_text_alignment=&#8220;default&#8220; phone_text_alignment=&#8220;default&#8220; column_border_width=&#8220;none&#8220; column_border_style=&#8220;solid&#8220;]<div class=\"divider-wrap\"><div style=\"height: 30px;\" class=\"divider\"><\/div><\/div>[vc_column_text]\n<h3>2019<\/h3>\n<p><strong>Zentrum f\u00fcr Umweltgeschichte<\/strong> (Hrsg.), \u201eWasser Stadt Wien \u2013 Eine Umweltgeschichte,\u201c Universit\u00e4t f\u00fcr Bodenkultur Wien, Technische Universit\u00e4t Wien, Wien 2019[\/vc_column_text][\/vc_column][vc_column column_padding=&#8220;no-extra-padding&#8220; column_padding_position=&#8220;all&#8220; background_color_opacity=&#8220;1&#8243; background_hover_color_opacity=&#8220;1&#8243; column_shadow=&#8220;none&#8220; column_border_radius=&#8220;none&#8220; width=&#8220;1\/3&#8243; tablet_text_alignment=&#8220;default&#8220; phone_text_alignment=&#8220;default&#8220; column_border_width=&#8220;none&#8220; column_border_style=&#8220;solid&#8220;][\/vc_column][\/vc_row][vc_row type=&#8220;in_container&#8220; full_screen_row_position=&#8220;middle&#8220; scene_position=&#8220;center&#8220; text_color=&#8220;dark&#8220; text_align=&#8220;left&#8220; overlay_strength=&#8220;0.3&#8243; shape_divider_position=&#8220;bottom&#8220;][vc_column column_padding=&#8220;no-extra-padding&#8220; column_padding_position=&#8220;all&#8220; background_color_opacity=&#8220;1&#8243; background_hover_color_opacity=&#8220;1&#8243; column_shadow=&#8220;none&#8220; column_border_radius=&#8220;none&#8220; width=&#8220;1\/3&#8243; tablet_text_alignment=&#8220;default&#8220; phone_text_alignment=&#8220;default&#8220; column_border_width=&#8220;none&#8220; column_border_style=&#8220;solid&#8220;]<div class=\"img-with-aniamtion-wrap \" data-max-width=\"100%\" data-border-radius=\"none\"><div class=\"inner\"><img loading=\"lazy\" decoding=\"async\" data-shadow=\"none\" data-shadow-direction=\"middle\" class=\"img-with-animation \" data-delay=\"0\" height=\"1423\" width=\"1000\" data-animation=\"fade-in\" src=\"https:\/\/tracingspaces.net\/aufundzu\/wp-content\/uploads\/sites\/10\/2020\/04\/wasser-stadt-wein_web-1000.jpg\" srcset=\"https:\/\/tracingspaces.net\/aufundzu\/wp-content\/uploads\/sites\/10\/2020\/04\/wasser-stadt-wein_web-1000.jpg 1000w, https:\/\/tracingspaces.net\/aufundzu\/wp-content\/uploads\/sites\/10\/2020\/04\/wasser-stadt-wein_web-1000-211x300.jpg 211w, https:\/\/tracingspaces.net\/aufundzu\/wp-content\/uploads\/sites\/10\/2020\/04\/wasser-stadt-wein_web-1000-720x1024.jpg 720w, https:\/\/tracingspaces.net\/aufundzu\/wp-content\/uploads\/sites\/10\/2020\/04\/wasser-stadt-wein_web-1000-768x1093.jpg 768w\" sizes=\"auto, 100vw\" alt=\"\" \/><\/div><\/div>[\/vc_column][vc_column column_padding=&#8220;no-extra-padding&#8220; column_padding_position=&#8220;all&#8220; background_color_opacity=&#8220;1&#8243; background_hover_color_opacity=&#8220;1&#8243; column_shadow=&#8220;none&#8220; column_border_radius=&#8220;none&#8220; width=&#8220;1\/3&#8243; tablet_text_alignment=&#8220;default&#8220; phone_text_alignment=&#8220;default&#8220; column_border_width=&#8220;none&#8220; column_border_style=&#8220;solid&#8220;][\/vc_column][vc_column column_padding=&#8220;no-extra-padding&#8220; column_padding_position=&#8220;all&#8220; background_color_opacity=&#8220;1&#8243; background_hover_color_opacity=&#8220;1&#8243; column_shadow=&#8220;none&#8220; column_border_radius=&#8220;none&#8220; width=&#8220;1\/3&#8243; tablet_text_alignment=&#8220;default&#8220; phone_text_alignment=&#8220;default&#8220; column_border_width=&#8220;none&#8220; column_border_style=&#8220;solid&#8220;][\/vc_column][\/vc_row][vc_row type=&#8220;in_container&#8220; full_screen_row_position=&#8220;middle&#8220; scene_position=&#8220;center&#8220; text_color=&#8220;dark&#8220; text_align=&#8220;left&#8220; overlay_strength=&#8220;0.3&#8243; shape_divider_position=&#8220;bottom&#8220;][vc_column column_padding=&#8220;no-extra-padding&#8220; column_padding_position=&#8220;all&#8220; background_color_opacity=&#8220;1&#8243; background_hover_color_opacity=&#8220;1&#8243; column_shadow=&#8220;none&#8220; column_border_radius=&#8220;none&#8220; width=&#8220;2\/3&#8243; tablet_text_alignment=&#8220;default&#8220; phone_text_alignment=&#8220;default&#8220; column_border_width=&#8220;none&#8220; column_border_style=&#8220;solid&#8220;][vc_column_text]\n<ul>\n<li style=\"list-style-type: none;\">&#8222;\u00dcberfischung, Gew\u00e4sserverschmutzung, Donauregulierung und immer mehr Dampfschiffe sorgten im 19. Jahrhundert f\u00fcr einen dramatischen R\u00fcckgang der Fischbest\u00e4nde in und um Wien. Den Engpass versuchte man durch Meeresfische aus der Nordsee und der Adria auszugleichen \u2013 gek\u00fchlt geliefert mit der Eisenbahn.&#8220;<\/li>\n<\/ul>\n<p>Quelle: Beitrag in der Publikation von Gertrud Haidvogl, \u201eFisch in Wien. Von Hausen und Karpfen zu Kabeljau und Co\u201c. Ein Textauszug daraus wurde unter dem Titel &#8222;Als der Fisch knapp wurde&#8220; im <a href=\"https:\/\/magazin.wienmuseum.at\/fisch-in-wien\" target=\"_blank\" rel=\"noopener noreferrer\">Wien Museum Online-Magazin<\/a> ver\u00f6ffentlicht. Eingereicht von Gertrud Haidvogl, Umwelthistorikerin, BOKU Wien.[\/vc_column_text][\/vc_column][vc_column column_padding=&#8220;no-extra-padding&#8220; column_padding_position=&#8220;all&#8220; background_color_opacity=&#8220;1&#8243; background_hover_color_opacity=&#8220;1&#8243; column_shadow=&#8220;none&#8220; column_border_radius=&#8220;none&#8220; width=&#8220;1\/3&#8243; tablet_text_alignment=&#8220;default&#8220; phone_text_alignment=&#8220;default&#8220; column_border_width=&#8220;none&#8220; column_border_style=&#8220;solid&#8220;][\/vc_column][\/vc_row][vc_row type=&#8220;in_container&#8220; full_screen_row_position=&#8220;middle&#8220; scene_position=&#8220;center&#8220; text_color=&#8220;dark&#8220; text_align=&#8220;left&#8220; overlay_strength=&#8220;0.3&#8243; shape_divider_position=&#8220;bottom&#8220;][vc_column column_padding=&#8220;no-extra-padding&#8220; column_padding_position=&#8220;all&#8220; background_color_opacity=&#8220;1&#8243; background_hover_color_opacity=&#8220;1&#8243; column_shadow=&#8220;none&#8220; column_border_radius=&#8220;none&#8220; width=&#8220;2\/3&#8243; tablet_text_alignment=&#8220;default&#8220; phone_text_alignment=&#8220;default&#8220; column_border_width=&#8220;none&#8220; column_border_style=&#8220;solid&#8220;]<div class=\"divider-wrap\"><div style=\"height: 30px;\" class=\"divider\"><\/div><\/div>[vc_column_text]\n<h3>Zeitlos<\/h3>\n<p><strong>da Fischa,<\/strong> Ernst Molden, Gesang: Willi Resetarits<\/p>\n<audio class=\"wp-audio-shortcode\" id=\"audio-196-4\" preload=\"none\" style=\"width: 100%;\" controls=\"controls\"><source type=\"audio\/mpeg\" src=\"https:\/\/tracingspaces.net\/aufundzu\/wp-content\/uploads\/sites\/10\/2020\/04\/10-da-fischa-M2-1.mp3?_=4\" \/><a href=\"https:\/\/tracingspaces.net\/aufundzu\/wp-content\/uploads\/sites\/10\/2020\/04\/10-da-fischa-M2-1.mp3\">https:\/\/tracingspaces.net\/aufundzu\/wp-content\/uploads\/sites\/10\/2020\/04\/10-da-fischa-M2-1.mp3<\/a><\/audio>\n<p>Quelle: Erschienen auf dem Album \u201cSchdrom\u201d, Monkey Music, 2016, einem Liederzyklus \u00fcber die Donau im Auftrag des Nationalparks Donau-Auen anl\u00e4sslich dessen 20-Jahr Feier.[\/vc_column_text][\/vc_column][vc_column column_padding=&#8220;no-extra-padding&#8220; column_padding_position=&#8220;all&#8220; background_color_opacity=&#8220;1&#8243; background_hover_color_opacity=&#8220;1&#8243; column_shadow=&#8220;none&#8220; column_border_radius=&#8220;none&#8220; width=&#8220;1\/3&#8243; tablet_text_alignment=&#8220;default&#8220; phone_text_alignment=&#8220;default&#8220; column_border_width=&#8220;none&#8220; column_border_style=&#8220;solid&#8220;][\/vc_column][\/vc_row][vc_row type=&#8220;in_container&#8220; full_screen_row_position=&#8220;middle&#8220; scene_position=&#8220;center&#8220; text_color=&#8220;dark&#8220; text_align=&#8220;left&#8220; overlay_strength=&#8220;0.3&#8243; shape_divider_position=&#8220;bottom&#8220;][vc_column column_padding=&#8220;no-extra-padding&#8220; column_padding_position=&#8220;all&#8220; background_color_opacity=&#8220;1&#8243; background_hover_color_opacity=&#8220;1&#8243; column_shadow=&#8220;none&#8220; column_border_radius=&#8220;none&#8220; width=&#8220;1\/1&#8243; tablet_text_alignment=&#8220;default&#8220; phone_text_alignment=&#8220;default&#8220; column_border_width=&#8220;none&#8220; column_border_style=&#8220;solid&#8220;]<div class=\"divider-wrap\"><div style=\"height: 20px;\" class=\"divider\"><\/div><\/div>[\/vc_column][\/vc_row]\n","protected":false},"excerpt":{"rendered":"<p>[vc_row type=&#8220;in_container&#8220; full_screen_row_position=&#8220;middle&#8220; scene_position=&#8220;center&#8220; text_color=&#8220;dark&#8220; text_align=&#8220;left&#8220; overlay_strength=&#8220;0.3&#8243; shape_divider_position=&#8220;bottom&#8220;][vc_column column_padding=&#8220;no-extra-padding&#8220; column_padding_position=&#8220;all&#8220; background_color_opacity=&#8220;1&#8243; background_hover_color_opacity=&#8220;1&#8243; column_shadow=&#8220;none&#8220; column_border_radius=&#8220;none&#8220; width=&#8220;1\/1&#8243; tablet_text_alignment=&#8220;default&#8220; phone_text_alignment=&#8220;default&#8220; column_border_width=&#8220;none&#8220; column_border_style=&#8220;solid&#8220;][\/vc_column][\/vc_row][vc_row type=&#8220;in_container&#8220; full_screen_row_position=&#8220;middle&#8220; scene_position=&#8220;center&#8220; text_color=&#8220;dark&#8220; text_align=&#8220;left&#8220; overlay_strength=&#8220;0.3&#8243; shape_divider_position=&#8220;bottom&#8220;][vc_column column_padding=&#8220;no-extra-padding&#8220; column_padding_position=&#8220;all&#8220; background_color_opacity=&#8220;1&#8243; background_hover_color_opacity=&#8220;1&#8243;&#8230;<\/p>\n","protected":false},"author":1,"featured_media":0,"parent":0,"menu_order":0,"comment_status":"closed","ping_status":"closed","template":"","meta":{"footnotes":""},"class_list":["post-196","page","type-page","status-publish"],"_links":{"self":[{"href":"https:\/\/tracingspaces.net\/aufundzu\/wp-json\/wp\/v2\/pages\/196","targetHints":{"allow":["GET"]}}],"collection":[{"href":"https:\/\/tracingspaces.net\/aufundzu\/wp-json\/wp\/v2\/pages"}],"about":[{"href":"https:\/\/tracingspaces.net\/aufundzu\/wp-json\/wp\/v2\/types\/page"}],"author":[{"embeddable":true,"href":"https:\/\/tracingspaces.net\/aufundzu\/wp-json\/wp\/v2\/users\/1"}],"replies":[{"embeddable":true,"href":"https:\/\/tracingspaces.net\/aufundzu\/wp-json\/wp\/v2\/comments?post=196"}],"version-history":[{"count":155,"href":"https:\/\/tracingspaces.net\/aufundzu\/wp-json\/wp\/v2\/pages\/196\/revisions"}],"predecessor-version":[{"id":749,"href":"https:\/\/tracingspaces.net\/aufundzu\/wp-json\/wp\/v2\/pages\/196\/revisions\/749"}],"wp:attachment":[{"href":"https:\/\/tracingspaces.net\/aufundzu\/wp-json\/wp\/v2\/media?parent=196"}],"curies":[{"name":"wp","href":"https:\/\/api.w.org\/{rel}","templated":true}]}}